{"id":32,"date":"2020-08-26T16:50:20","date_gmt":"2020-08-26T14:50:20","guid":{"rendered":"http:\/\/maisondelamusiquemarsilly.fr\/?page_id=32"},"modified":"2025-09-08T16:52:34","modified_gmt":"2025-09-08T14:52:34","slug":"une-section-de-page-daccueil","status":"publish","type":"page","link":"https:\/\/maisondelamusiquemarsilly.fr\/?page_id=32","title":{"rendered":"ACTIVITES"},"content":{"rendered":"<h1><strong><span style=\"color: #ff6600;\">ACTIVITES MUSICALES\u00a0<\/span><\/strong><\/h1>\n\n\n<p>.<\/p>\n\n\n\n<div class=\"wp-block-media-text alignwide is-stacked-on-mobile\" style=\"grid-template-columns:35% auto\"><figure class=\"wp-block-media-text__media\"><img fetchpriority=\"high\" decoding=\"async\" width=\"1024\" height=\"768\" src=\"http:\/\/maisondelamusiquemarsilly.fr\/wp-content\/uploads\/2022\/07\/Emma-musique-1-1024x768.jpg\" alt=\"\" class=\"wp-image-497 size-full\" srcset=\"https:\/\/maisondelamusiquemarsilly.fr\/wp-content\/uploads\/2022\/07\/Emma-musique-1-1024x768.jpg 1024w, https:\/\/maisondelamusiquemarsilly.fr\/wp-content\/uploads\/2022\/07\/Emma-musique-1-300x225.jpg 300w, https:\/\/maisondelamusiquemarsilly.fr\/wp-content\/uploads\/2022\/07\/Emma-musique-1-768x576.jpg 768w, https:\/\/maisondelamusiquemarsilly.fr\/wp-content\/uploads\/2022\/07\/Emma-musique-1-1536x1152.jpg 1536w, https:\/\/maisondelamusiquemarsilly.fr\/wp-content\/uploads\/2022\/07\/Emma-musique-1-2048x1536.jpg 2048w, https:\/\/maisondelamusiquemarsilly.fr\/wp-content\/uploads\/2022\/07\/Emma-musique-1-440x330.jpg 440w, https:\/\/maisondelamusiquemarsilly.fr\/wp-content\/uploads\/2022\/07\/Emma-musique-1-730x547.jpg 730w\" sizes=\"(max-width: 1024px) 100vw, 1024px\" \/><\/figure><div class=\"wp-block-media-text__content\">\n<p class=\"has-text-align-center has-text-color\" style=\"color:#e37806;font-size:35px\"><strong>LA MUSIQUE POUR LES PETITS<\/strong><\/p>\n\n\n\n<p class=\"has-text-align-center has-text-color\" style=\"color:#e6772d;font-size:24px\"><span style=\"color:#ec7922\" class=\"has-inline-color\"><strong>Eveil musical enfant<\/strong><\/span> (3 \u00e0 8 ans)<\/p>\n\n\n\n<p class=\"has-text-align-center has-small-font-size\">Ces ateliers permettent aux touts petits de d\u00e9couvrir la musique \u00e0 travers l\u2019exploration des bruits, des rythmes, des sons mais \u00e9galement en prenant conscience de leur corps et de leur environnement. Ils d\u00e9couvrent peu \u00e0 peu la coordination des bras, des jambes, mais \u00e9galement le respect de l\u2019autre, l\u2019\u00e9coute, la patience tout en s\u2019amusant \u00e0 faire des vocalises, d\u00e9couvrir des instruments, chanter. Un peu plus grand, ils peuvent d\u00e9couvrir les notes et les toutes premi\u00e8res bases de la lecture et de l\u2019\u00e9criture musicale.<\/p>\n\n\n\n<p class=\"has-text-align-center has-text-color\" style=\"color:#db7734\">Groupe de 3 et + <\/p>\n\n\n\n<p class=\"has-text-align-center has-text-color\" style=\"color:#ec7922\"><span style=\"color:#ec7922\" class=\"has-inline-color\">45 min<\/span><\/p>\n<\/div><\/div>\n\n\n\n<div class=\"wp-block-media-text alignwide has-media-on-the-right is-stacked-on-mobile\" style=\"grid-template-columns:auto 35%\"><div class=\"wp-block-media-text__content\">\n<p class=\"has-text-color\" style=\"color:#ec7922;font-size:24px\">Nouveaut\u00e9 cette ann\u00e9e : <strong>Eveil b\u00e9b\u00e9<\/strong> ( 0 &#8211; 3 ans)<\/p>\n\n\n\n<p class=\"has-small-font-size\">Venir avec l&rsquo;enfant pour chanter des comptines ou les signer, jouer avec de petits instruments, partager un r\u00e9pertoire de berceuses, favoriser la d\u00e9tente et l&rsquo;endormissement gr\u00e2ce \u00e0 la relaxation. Un temps pour les enfants et les accompagnants pour se d\u00e9tendre, s&rsquo;exprimer et l\u00e2cher prise tout en \u00e9veillant la sensibilit\u00e9 musicale, rythmique et artistique.<\/p>\n\n\n\n<p class=\"has-text-align-center has-black-color has-text-color has-small-font-size\"><em>Possibilit\u00e9 de partenariats avec le r\u00e9seau d&rsquo;assistantes maternelles, cr\u00e8ches ou halte-garderies<\/em><\/p>\n<\/div><figure class=\"wp-block-media-text__media\"><img decoding=\"async\" width=\"720\" height=\"480\" src=\"http:\/\/maisondelamusiquemarsilly.fr\/wp-content\/uploads\/2022\/03\/PHOTO-2022-03-03-19-16-53.jpg\" alt=\"\" class=\"wp-image-455 size-full\" srcset=\"https:\/\/maisondelamusiquemarsilly.fr\/wp-content\/uploads\/2022\/03\/PHOTO-2022-03-03-19-16-53.jpg 720w, https:\/\/maisondelamusiquemarsilly.fr\/wp-content\/uploads\/2022\/03\/PHOTO-2022-03-03-19-16-53-300x200.jpg 300w\" sizes=\"(max-width: 720px) 100vw, 720px\" \/><\/figure><\/div>\n\n\n\n<p class=\"has-text-color\" style=\"color:#dc7515\">Groupe de 2 enfants minimum accompagn\u00e9s de leur maman, papa, nounou ou de leur animatrice)<\/p>\n\n\n\n<div class=\"wp-block-media-text alignwide is-stacked-on-mobile\" style=\"grid-template-columns:42% auto\"><figure class=\"wp-block-media-text__media\"><img decoding=\"async\" width=\"768\" height=\"1024\" src=\"http:\/\/maisondelamusiquemarsilly.fr\/wp-content\/uploads\/2022\/03\/senior-768x1024.jpeg\" alt=\"\" class=\"wp-image-458 size-full\" srcset=\"https:\/\/maisondelamusiquemarsilly.fr\/wp-content\/uploads\/2022\/03\/senior-768x1024.jpeg 768w, https:\/\/maisondelamusiquemarsilly.fr\/wp-content\/uploads\/2022\/03\/senior-225x300.jpeg 225w, https:\/\/maisondelamusiquemarsilly.fr\/wp-content\/uploads\/2022\/03\/senior-1152x1536.jpeg 1152w, https:\/\/maisondelamusiquemarsilly.fr\/wp-content\/uploads\/2022\/03\/senior.jpeg 1536w\" sizes=\"(max-width: 768px) 100vw, 768px\" \/><\/figure><div class=\"wp-block-media-text__content\">\n<p class=\"has-text-color\" style=\"color:#e16817;font-size:34px\"><strong>MUSIQUE POUR LES SENIORS<\/strong><\/p>\n\n\n\n<p class=\"has-text-align-center has-text-color\" style=\"color:#ea7130;font-size:24px\"><strong>ATELIER LA MEMOIRE EN CHANTANT<\/strong><\/p>\n\n\n\n<p class=\"has-text-align-center has-small-font-size\">La musique aurait-elle ce pouvoir extraordinaire de s\u2019enraciner profond\u00e9ment dans notre m\u00e9moire et de r\u00e9activer des capacit\u00e9s cognitives qu\u2019on croyait perdues \u00e0 jamais\u202f? Dans les institutions qui accueillent les malades d\u2019Alzheimer, il est fr\u00e9quent de voir des patients entonner avec une vitalit\u00e9 inattendue\u202f<em>La Java bleue<\/em>\u202fet autres chansons apprises dans leur jeunesse, alors qu\u2019ils ne se souviennent plus de leur pr\u00e9nom. De nombreuses recherches montrent qu&rsquo;\u00e9couter de la musique en boucle, chanter ou pratiquer un instrument stimule notre cerveau et l\u2019aide \u00e0 lutter contre le d\u00e9clin cognitif. Elle agit \u00e9galement chez les patients atteint de troubles de la m\u00e9moire comme une madeleine de Proust, les reconnectant \u00e0 leurs souvenirs. La musique aide \u00e0 tisser des liens sociaux, favorise la communication et l&rsquo;interactivit\u00e9 dans une atmosph\u00e8re d&rsquo;\u00e9change et de partage.<\/p>\n\n\n\n<p class=\"has-text-align-center has-text-color\" style=\"color:#ed6f0f\"><span style=\"color:#ec7922\" class=\"has-inline-color\">1h<br><\/span>En groupe maximum 8 personnes<\/p>\n\n\n\n<p class=\"has-small-font-size\">Atelier ouvert aux r\u00e9sidents en EHPAD accompagn\u00e9s d&rsquo;un soignant ou animateur et s&rsquo;inscrivant dans un projet d&rsquo;\u00e9tablissement. les ateliers peuvent se faire au sein de l&rsquo;\u00e9tablissement ou \u00e0 la maison de la musique. Un premier partenariat a d\u00e9j\u00e0 \u00e9t\u00e9 mis en place avec la Villa Am\u00e9lie de Saint-Rogatien.<\/p>\n<\/div><\/div>\n\n\n\n<div class=\"wp-block-media-text alignwide is-stacked-on-mobile\" style=\"grid-template-columns:40% auto\"><figure class=\"wp-block-media-text__media\"><img loading=\"lazy\" decoding=\"async\" width=\"626\" height=\"417\" src=\"http:\/\/maisondelamusiquemarsilly.fr\/wp-content\/uploads\/2022\/03\/PHOTO-2022-03-03-19-16-55.jpg\" alt=\"\" class=\"wp-image-448 size-full\" srcset=\"https:\/\/maisondelamusiquemarsilly.fr\/wp-content\/uploads\/2022\/03\/PHOTO-2022-03-03-19-16-55.jpg 626w, https:\/\/maisondelamusiquemarsilly.fr\/wp-content\/uploads\/2022\/03\/PHOTO-2022-03-03-19-16-55-300x200.jpg 300w\" sizes=\"(max-width: 626px) 100vw, 626px\" \/><\/figure><div class=\"wp-block-media-text__content\">\n<p class=\"has-text-align-center has-text-color\" style=\"color:#ec7922;font-size:34px\"><strong>PRATIQUE INSTRUMENTALE<\/strong> <strong>ET VOCALE<\/strong><\/p>\n\n\n\n<p class=\"has-text-align-center\"><span style=\"color:#ec7922\" class=\"has-inline-color\">(Enfants \u00e0 partir de 6-7 ans et Adultes)<\/span><\/p>\n\n\n\n<p class=\"has-text-align-center has-small-font-size\">Ces cours s&rsquo;adressent a tous ceux qui souhaitent d\u00e9couvrir ou approfondir la pratique instrumentale qu&rsquo;ils soient d\u00e9butants ou confirm\u00e9s. Ces cours assur\u00e9s par des professeurs dipl\u00f4m\u00e9s permettent l&rsquo;enseignement simultan\u00e9 de l&rsquo;instrument et de la formation musicale en particulier la lecture de notes. Aucune limite d&rsquo;\u00e2ge, ni de pr\u00e9-requis ne sont exig\u00e9s. Tout le monde est le bienvenu pour le plaisir de pratiquer la musique sans obligation de r\u00e9sultat.<\/p>\n\n\n\n<p><\/p>\n\n\n\n<p class=\"has-text-align-center has-text-color\" style=\"color:#ec7922\">de 30- 45 minutes \u00e0 1h<br>Individuel ou en groupe selon les instruments<\/p>\n<\/div><\/div>\n\n\n\n<div class=\"wp-block-media-text alignwide has-media-on-the-right is-stacked-on-mobile\" style=\"grid-template-columns:auto 45%\"><div class=\"wp-block-media-text__content\">\n<p class=\"has-text-align-center has-text-color\" style=\"color:#f36f17;font-size:24px\"><strong>Guitare<\/strong> &#8211; <strong>Guitare folk ,guitare \u00e9lectrique<\/strong> et <strong>Ukul\u00e9l\u00e9<\/strong><\/p>\n\n\n\n<p class=\"has-text-align-center\"><span style=\"color:#ec7922\" class=\"has-inline-color\">(Enfants \u00e0 partir de 7 ans et Adultes)<\/span><\/p>\n\n\n\n<p class=\"has-text-align-center\"><span style=\"color:#f49a46\" class=\"has-inline-color\">30 min<br>Individuel <\/span><span style=\"color:#f39c4c\" class=\"has-inline-color\">ou collectif<\/span><\/p>\n<\/div><figure class=\"wp-block-media-text__media\"><img loading=\"lazy\" decoding=\"async\" width=\"1024\" height=\"686\" src=\"http:\/\/maisondelamusiquemarsilly.fr\/wp-content\/uploads\/2022\/07\/Guitare-1024x686.jpg\" alt=\"\" class=\"wp-image-499 size-full\" srcset=\"https:\/\/maisondelamusiquemarsilly.fr\/wp-content\/uploads\/2022\/07\/Guitare-1024x686.jpg 1024w, https:\/\/maisondelamusiquemarsilly.fr\/wp-content\/uploads\/2022\/07\/Guitare-300x201.jpg 300w, https:\/\/maisondelamusiquemarsilly.fr\/wp-content\/uploads\/2022\/07\/Guitare-768x514.jpg 768w, https:\/\/maisondelamusiquemarsilly.fr\/wp-content\/uploads\/2022\/07\/Guitare-1536x1028.jpg 1536w, https:\/\/maisondelamusiquemarsilly.fr\/wp-content\/uploads\/2022\/07\/Guitare.jpg 1840w\" sizes=\"(max-width: 1024px) 100vw, 1024px\" \/><\/figure><\/div>\n\n\n\n<div class=\"wp-block-media-text alignwide is-stacked-on-mobile\" style=\"grid-template-columns:45% auto\"><figure class=\"wp-block-media-text__media\"><img loading=\"lazy\" decoding=\"async\" width=\"1024\" height=\"685\" src=\"http:\/\/maisondelamusiquemarsilly.fr\/wp-content\/uploads\/2022\/07\/Piano-1024x685.jpg\" alt=\"\" class=\"wp-image-500 size-full\" srcset=\"https:\/\/maisondelamusiquemarsilly.fr\/wp-content\/uploads\/2022\/07\/Piano-1024x685.jpg 1024w, https:\/\/maisondelamusiquemarsilly.fr\/wp-content\/uploads\/2022\/07\/Piano-300x201.jpg 300w, https:\/\/maisondelamusiquemarsilly.fr\/wp-content\/uploads\/2022\/07\/Piano-768x513.jpg 768w, https:\/\/maisondelamusiquemarsilly.fr\/wp-content\/uploads\/2022\/07\/Piano-1536x1027.jpg 1536w, https:\/\/maisondelamusiquemarsilly.fr\/wp-content\/uploads\/2022\/07\/Piano.jpg 1834w\" sizes=\"(max-width: 1024px) 100vw, 1024px\" \/><\/figure><div class=\"wp-block-media-text__content\">\n<p class=\"has-text-align-center has-text-color\" style=\"color:#f36f17;font-size:24px\"><strong>Piano<\/strong>\/ <strong>Piano-voix<\/strong>\/<strong>Eveil piano\/Musique intuitive<\/strong><\/p>\n\n\n\n<p class=\"has-text-align-center\"><span style=\"color:#ec7922\" class=\"has-inline-color\">(Enfants \u00e0 partir de 6 ans et Adultes)<\/span><\/p>\n\n\n\n<p class=\"has-text-align-center\"><span style=\"color:#f49a46\" class=\"has-inline-color\">30 min \u00e0 1h<br>Individuel <\/span><span style=\"color:#e9964d\" class=\"has-inline-color\">ou collectif<\/span><\/p>\n<\/div><\/div>\n\n\n\n<div class=\"wp-block-media-text alignwide has-media-on-the-right is-stacked-on-mobile\" style=\"grid-template-columns:auto 45%\"><div class=\"wp-block-media-text__content\">\n<p class=\"has-text-align-center has-text-color\" style=\"color:#f36f17;font-size:24px\"><strong>Saxophone<\/strong>&#8211; <strong>Clarinette- Trombone<\/strong><\/p>\n\n\n\n<p class=\"has-text-align-center\"><span style=\"color:#ec7922\" class=\"has-inline-color\">(Enfants \u00e0 partir de 7 ans et Adultes)<\/span><\/p>\n\n\n\n<p class=\"has-text-align-center\"><span style=\"color:#f49a46\" class=\"has-inline-color\">30 min \u00e0 1h<br>Individuel <\/span><span style=\"color:#f38d20\" class=\"has-inline-color\">ou collectif<\/span><\/p>\n<\/div><figure class=\"wp-block-media-text__media\"><img loading=\"lazy\" decoding=\"async\" width=\"1024\" height=\"684\" src=\"http:\/\/maisondelamusiquemarsilly.fr\/wp-content\/uploads\/2022\/07\/Saxo-1024x684.jpg\" alt=\"\" class=\"wp-image-501 size-full\" srcset=\"https:\/\/maisondelamusiquemarsilly.fr\/wp-content\/uploads\/2022\/07\/Saxo-1024x684.jpg 1024w, https:\/\/maisondelamusiquemarsilly.fr\/wp-content\/uploads\/2022\/07\/Saxo-300x200.jpg 300w, https:\/\/maisondelamusiquemarsilly.fr\/wp-content\/uploads\/2022\/07\/Saxo-768x513.jpg 768w, https:\/\/maisondelamusiquemarsilly.fr\/wp-content\/uploads\/2022\/07\/Saxo-1536x1026.jpg 1536w, https:\/\/maisondelamusiquemarsilly.fr\/wp-content\/uploads\/2022\/07\/Saxo-960x640.jpg 960w, https:\/\/maisondelamusiquemarsilly.fr\/wp-content\/uploads\/2022\/07\/Saxo.jpg 1836w\" sizes=\"(max-width: 1024px) 100vw, 1024px\" \/><\/figure><\/div>\n\n\n\n<div class=\"wp-block-media-text alignwide is-stacked-on-mobile\" style=\"grid-template-columns:45% auto\"><figure class=\"wp-block-media-text__media\"><img loading=\"lazy\" decoding=\"async\" width=\"1024\" height=\"685\" src=\"http:\/\/maisondelamusiquemarsilly.fr\/wp-content\/uploads\/2022\/07\/Flute-traversie\u0300re-1024x685.jpg\" alt=\"\" class=\"wp-image-502 size-full\" srcset=\"https:\/\/maisondelamusiquemarsilly.fr\/wp-content\/uploads\/2022\/07\/Flute-traversie\u0300re-1024x685.jpg 1024w, https:\/\/maisondelamusiquemarsilly.fr\/wp-content\/uploads\/2022\/07\/Flute-traversie\u0300re-300x201.jpg 300w, https:\/\/maisondelamusiquemarsilly.fr\/wp-content\/uploads\/2022\/07\/Flute-traversie\u0300re-768x514.jpg 768w, https:\/\/maisondelamusiquemarsilly.fr\/wp-content\/uploads\/2022\/07\/Flute-traversie\u0300re-1536x1028.jpg 1536w, https:\/\/maisondelamusiquemarsilly.fr\/wp-content\/uploads\/2022\/07\/Flute-traversie\u0300re.jpg 1844w\" sizes=\"(max-width: 1024px) 100vw, 1024px\" \/><\/figure><div class=\"wp-block-media-text__content\">\n<p class=\"has-text-align-center has-text-color\" style=\"color:#f36f17;font-size:24px\"><strong>Fl\u00fbte traversi\u00e8re<\/strong><\/p>\n\n\n\n<p class=\"has-text-align-center\"><span style=\"color:#ec7922\" class=\"has-inline-color\">(Enfants \u00e0 partir de 7 ans et Adultes)<\/span><\/p>\n\n\n\n<p class=\"has-text-align-center\"><span style=\"color:#f49a46\" class=\"has-inline-color\">30 min \u00e0 1h<br>Individuel <\/span><span style=\"color:#f38d20\" class=\"has-inline-color\">ou collectif<\/span><\/p>\n\n\n\n<p class=\"has-text-align-center\"><\/p>\n<\/div><\/div>\n\n\n\n<div class=\"wp-block-media-text alignwide has-media-on-the-right is-stacked-on-mobile\" style=\"grid-template-columns:auto 45%\"><div class=\"wp-block-media-text__content\">\n<p class=\"has-text-align-center has-text-color\" style=\"color:#f36f17;font-size:24px\"><strong>Batterie<\/strong><\/p>\n\n\n\n<p class=\"has-text-align-center\"><span style=\"color:#ec7922\" class=\"has-inline-color\">(Enfants \u00e0 partir de 7 ans et Adultes)<\/span><\/p>\n\n\n\n<p class=\"has-text-align-center\"><span style=\"color:#f49a46\" class=\"has-inline-color\">30 min \u00e0 1h<br>Individuel <\/span><span style=\"color:#f38d20\" class=\"has-inline-color\">ou collectif<\/span><\/p>\n<\/div><figure class=\"wp-block-media-text__media\"><img loading=\"lazy\" decoding=\"async\" width=\"1024\" height=\"682\" src=\"http:\/\/maisondelamusiquemarsilly.fr\/wp-content\/uploads\/2022\/08\/Batterie-1024x682.jpeg\" alt=\"\" class=\"wp-image-547 size-full\" srcset=\"https:\/\/maisondelamusiquemarsilly.fr\/wp-content\/uploads\/2022\/08\/Batterie-1024x682.jpeg 1024w, https:\/\/maisondelamusiquemarsilly.fr\/wp-content\/uploads\/2022\/08\/Batterie-300x200.jpeg 300w, https:\/\/maisondelamusiquemarsilly.fr\/wp-content\/uploads\/2022\/08\/Batterie-768x512.jpeg 768w, https:\/\/maisondelamusiquemarsilly.fr\/wp-content\/uploads\/2022\/08\/Batterie-960x640.jpeg 960w, https:\/\/maisondelamusiquemarsilly.fr\/wp-content\/uploads\/2022\/08\/Batterie.jpeg 1280w\" sizes=\"(max-width: 1024px) 100vw, 1024px\" \/><\/figure><\/div>\n\n\n\n<div class=\"wp-block-media-text alignwide is-stacked-on-mobile\" style=\"grid-template-columns:45% auto\"><figure class=\"wp-block-media-text__media\"><img loading=\"lazy\" decoding=\"async\" width=\"740\" height=\"493\" src=\"https:\/\/maisondelamusiquemarsilly.fr\/wp-content\/uploads\/2025\/09\/mec-du-violon_1157-8500.avif\" alt=\"\" class=\"wp-image-1314 size-full\"\/><\/figure><div class=\"wp-block-media-text__content\">\n<p class=\"has-text-align-center has-text-color\" style=\"color:#f36f17;font-size:24px\">Violon, violoncelle, contrebasse<\/p>\n\n\n\n<p class=\"has-text-align-center\"><span style=\"color:#ec7922\" class=\"has-inline-color\">(Enfants \u00e0 partir de 7 ans et Adultes)<\/span><\/p>\n\n\n\n<p class=\"has-text-align-center\"><span style=\"color:#f49a46\" class=\"has-inline-color\">30 min \u00e0 1h<br>Individuel <\/span><span style=\"color:#f38d20\" class=\"has-inline-color\">ou collectif<\/span><\/p>\n\n\n\n<p class=\"has-text-align-center\"><\/p>\n<\/div><\/div>\n\n\n\n<div class=\"wp-block-media-text alignwide has-media-on-the-right is-stacked-on-mobile\" style=\"grid-template-columns:auto 40%\"><div class=\"wp-block-media-text__content\">\n<p class=\"has-text-align-center has-text-color\" style=\"color:#e57710;font-size:34px\"><strong>LES ATELIERS<\/strong><\/p>\n\n\n\n<p class=\"has-text-align-center\" style=\"font-size:27px\"><span style=\"color:#ec7922\" class=\"has-inline-color\">(Enfants \u00e0 partir de 7 ans et Adultes)<\/span><\/p>\n\n\n\n<p class=\"has-text-align-center has-text-color\" style=\"color:#ed6d0c;font-size:29px\"><strong>A chacun sa voix<\/strong><\/p>\n\n\n\n<p class=\"has-text-align-center has-small-font-size\">S&rsquo;adresse a tous ceux qui aiment chanter et se mettre en sc\u00e8ne, qu&rsquo;ils soient d\u00e9butants ou confirm\u00e9s. Partager la joie de chanter en petit comit\u00e9, se l\u00e2cher et mettre la technique au service du plaisir de chanter sont les objectifs premiers ce ce cours. L&rsquo;atelier consiste \u00e0 proposer aux \u00e9l\u00e8ves de venir avec des chansons qu&rsquo;ils leur tiennent \u00e0 coeur, de cr\u00e9er avec eux des arrangements personnalis\u00e9s, adapt\u00e9s \u00e0 leur voix, leur tonalit\u00e9. Il permet \u00e9galement de sensibiliser \u00e0 la pratique de groupe en apprenant \u00e0 respecter le rythme, l&rsquo;harmonisation, \u00e9couter les autres, prendre sa place&#8230;. Les arrangements sont enregistr\u00e9s sur cl\u00e9 USB via un mini-studio Zoom HM Pro. Les \u00e9l\u00e8ves sont accompagn\u00e9s en musique vivante et sont amen\u00e9s \u00e0 se pr\u00e9parer au travail de la sc\u00e8ne pour des projets de spectacles.<\/p>\n\n\n\n<p><\/p>\n\n\n\n<p class=\"has-text-align-center has-text-color\" style=\"color:#ec7922\">1h30<br>Individuel ou collectif (jusqu&rsquo;\u00e0 2 maximum)<\/p>\n<\/div><figure class=\"wp-block-media-text__media\"><img loading=\"lazy\" decoding=\"async\" width=\"682\" height=\"1024\" src=\"http:\/\/maisondelamusiquemarsilly.fr\/wp-content\/uploads\/2020\/10\/audio-15936_1280-682x1024.jpg\" alt=\"\" class=\"wp-image-262 size-full\" srcset=\"https:\/\/maisondelamusiquemarsilly.fr\/wp-content\/uploads\/2020\/10\/audio-15936_1280-682x1024.jpg 682w, https:\/\/maisondelamusiquemarsilly.fr\/wp-content\/uploads\/2020\/10\/audio-15936_1280-200x300.jpg 200w, https:\/\/maisondelamusiquemarsilly.fr\/wp-content\/uploads\/2020\/10\/audio-15936_1280-768x1152.jpg 768w, https:\/\/maisondelamusiquemarsilly.fr\/wp-content\/uploads\/2020\/10\/audio-15936_1280.jpg 853w\" sizes=\"(max-width: 682px) 100vw, 682px\" \/><\/figure><\/div>\n\n\n\n<div class=\"wp-block-media-text alignwide has-media-on-the-right is-stacked-on-mobile\" style=\"grid-template-columns:auto 45%\"><div class=\"wp-block-media-text__content\">\n<p class=\"has-text-align-center has-text-color\" style=\"color:#eb861b;font-size:24px\"><strong>Musique en famille<\/strong><\/p>\n\n\n\n<p class=\"has-text-align-center\"><\/p>\n\n\n\n<p>C&rsquo;est toujours un dilemme lorsque l&rsquo;on est parent de proposer une activit\u00e9 en famille \u00e0 ses enfants durant le week-end. Cin\u00e9ma, sortie dans un parc, balade en for\u00eat, visite de l&rsquo;Aquarium? Voici une autre mani\u00e8re de passer du temps avec vos enfants! Chanter, d\u00e9couvrir un instrument et jouer ensemble de mani\u00e8re intuitive et ludique, voici l&rsquo;objectif de cet atelier. Apr\u00e8s un temps de pratique musicale ludique et r\u00e9cr\u00e9ative, un temps de relaxation musicale sera propos\u00e9e en fin d&rsquo;atelier permettant \u00e0 tous, petits et grands de d\u00e9connecter de la r\u00e9alit\u00e9 du quotidien.<\/p>\n\n\n\n<p>Cet atelier sera propos\u00e9 un samedi par mois, en bin\u00f4me (\u00e0 voir dans le planning des cours qui sera en ligne d\u00e8s le d\u00e9but de l&rsquo;\u00e9t\u00e9).<\/p>\n\n\n\n<p class=\"has-text-align-center has-text-color\" style=\"color:#ec7922\"><span style=\"color:#ec7922\" class=\"has-inline-color\">1h<br><\/span>Par groupe de 2 personnes minimum de la m\u00eame famille ou non<\/p>\n<\/div><figure class=\"wp-block-media-text__media\"><img loading=\"lazy\" decoding=\"async\" width=\"1024\" height=\"959\" src=\"http:\/\/maisondelamusiquemarsilly.fr\/wp-content\/uploads\/2022\/07\/Musique-famille-2-1024x959.jpg\" alt=\"\" class=\"wp-image-504 size-full\" srcset=\"https:\/\/maisondelamusiquemarsilly.fr\/wp-content\/uploads\/2022\/07\/Musique-famille-2-1024x959.jpg 1024w, https:\/\/maisondelamusiquemarsilly.fr\/wp-content\/uploads\/2022\/07\/Musique-famille-2-300x281.jpg 300w, https:\/\/maisondelamusiquemarsilly.fr\/wp-content\/uploads\/2022\/07\/Musique-famille-2-768x719.jpg 768w, https:\/\/maisondelamusiquemarsilly.fr\/wp-content\/uploads\/2022\/07\/Musique-famille-2.jpg 1258w\" sizes=\"(max-width: 1024px) 100vw, 1024px\" \/><\/figure><\/div>\n\n\n\n<div class=\"wp-block-media-text alignwide is-stacked-on-mobile\" style=\"grid-template-columns:42% auto\"><figure class=\"wp-block-media-text__media\"><img loading=\"lazy\" decoding=\"async\" width=\"518\" height=\"750\" src=\"http:\/\/maisondelamusiquemarsilly.fr\/wp-content\/uploads\/2023\/08\/Capture-de\u0301cran-2023-08-24-a\u0300-14.10.07-1.png\" alt=\"\" class=\"wp-image-799 size-full\" srcset=\"https:\/\/maisondelamusiquemarsilly.fr\/wp-content\/uploads\/2023\/08\/Capture-de\u0301cran-2023-08-24-a\u0300-14.10.07-1.png 518w, https:\/\/maisondelamusiquemarsilly.fr\/wp-content\/uploads\/2023\/08\/Capture-de\u0301cran-2023-08-24-a\u0300-14.10.07-1-207x300.png 207w\" sizes=\"(max-width: 518px) 100vw, 518px\" \/><\/figure><div class=\"wp-block-media-text__content\">\n<p class=\"has-text-align-center has-text-color\" style=\"color:#ec7922;font-size:29px\"><strong>Le corps en accord<\/strong><\/p>\n\n\n\n<p class=\"has-text-align-center has-small-font-size\">A la fronti\u00e8re entre musicoth\u00e9rapie, la m\u00e9ditation, la coh\u00e9rence cardiaque, la sophrologie, cet atelier vise \u00e0 prendre conscience de son corps en harmonie avec la musique et de sa r\u00e9sonance avec cette derni\u00e8re. Un temps de pause dans le tumulte de la vie quotidienne, un moment avec soi-m\u00eame, anim\u00e9  Catherine, infirmi\u00e8re DE, musicienne, form\u00e9e \u00e0 la musicoth\u00e9rapie et aux techniques \u00e0 m\u00e9diations corporelles, a pour objectif d&rsquo;apaiser les tensions, rel\u00e2cher les cuirasses corporelles au sein desquelles s&#8217;emprisonnent les \u00e9motions. Un v\u00e9ritable l\u00e2cher-prise en harmonie avec la musique.<\/p>\n\n\n\n<p class=\"has-text-align-center has-text-color\" style=\"color:#da6a14\">1h<br>Individuel ou en duo<\/p>\n<\/div><\/div>\n\n\n\n<p><\/p>\n","protected":false},"excerpt":{"rendered":"<p>ACTIVITES MUSICALES\u00a0 . LA MUSIQUE POUR LES PETITS Eveil musical enfant (3 \u00e0 8 ans) Ces ateliers permettent aux touts &hellip; <a href=\"https:\/\/maisondelamusiquemarsilly.fr\/?page_id=32\" class=\"more-link\"><span class=\"more-button\">Continue Reading<span class=\"screen-reader-text\">ACTIVITES<\/span><\/span><\/a><\/p>\n","protected":false},"author":1,"featured_media":105,"parent":0,"menu_order":0,"comment_status":"closed","ping_status":"closed","template":"","meta":{"_monsterinsights_skip_tracking":false,"_monsterinsights_sitenote_active":false,"_monsterinsights_sitenote_note":"","_monsterinsights_sitenote_category":0,"footnotes":""},"class_list":["post-32","page","type-page","status-publish","has-post-thumbnail","hentry"],"aioseo_notices":[],"_links":{"self":[{"href":"https:\/\/maisondelamusiquemarsilly.fr\/index.php?rest_route=\/wp\/v2\/pages\/32","targetHints":{"allow":["GET"]}}],"collection":[{"href":"https:\/\/maisondelamusiquemarsilly.fr\/index.php?rest_route=\/wp\/v2\/pages"}],"about":[{"href":"https:\/\/maisondelamusiquemarsilly.fr\/index.php?rest_route=\/wp\/v2\/types\/page"}],"author":[{"embeddable":true,"href":"https:\/\/maisondelamusiquemarsilly.fr\/index.php?rest_route=\/wp\/v2\/users\/1"}],"replies":[{"embeddable":true,"href":"https:\/\/maisondelamusiquemarsilly.fr\/index.php?rest_route=%2Fwp%2Fv2%2Fcomments&post=32"}],"version-history":[{"count":60,"href":"https:\/\/maisondelamusiquemarsilly.fr\/index.php?rest_route=\/wp\/v2\/pages\/32\/revisions"}],"predecessor-version":[{"id":1318,"href":"https:\/\/maisondelamusiquemarsilly.fr\/index.php?rest_route=\/wp\/v2\/pages\/32\/revisions\/1318"}],"wp:featuredmedia":[{"embeddable":true,"href":"https:\/\/maisondelamusiquemarsilly.fr\/index.php?rest_route=\/wp\/v2\/media\/105"}],"wp:attachment":[{"href":"https:\/\/maisondelamusiquemarsilly.fr\/index.php?rest_route=%2Fwp%2Fv2%2Fmedia&parent=32"}],"curies":[{"name":"wp","href":"https:\/\/api.w.org\/{rel}","templated":true}]}}