{"id":36,"date":"2020-08-26T16:50:21","date_gmt":"2020-08-26T14:50:21","guid":{"rendered":"http:\/\/maisondelamusiquemarsilly.fr\/?page_id=36"},"modified":"2025-11-13T09:09:25","modified_gmt":"2025-11-13T08:09:25","slug":"actus","status":"publish","type":"page","link":"https:\/\/maisondelamusiquemarsilly.fr\/?page_id=36","title":{"rendered":"ACTUs"},"content":{"rendered":"\t\t<div data-elementor-type=\"wp-page\" data-elementor-id=\"36\" class=\"elementor elementor-36\">\n\t\t\t\t\t\t<section class=\"elementor-section elementor-top-section elementor-element elementor-element-161318d elementor-section-boxed elementor-section-height-default elementor-section-height-default wpr-particle-no wpr-jarallax-no wpr-parallax-no wpr-sticky-section-no\" data-id=\"161318d\" data-element_type=\"section\">\n\t\t\t\t\t\t<div class=\"elementor-container elementor-column-gap-default\">\n\t\t\t\t\t<div class=\"elementor-column elementor-col-100 elementor-top-column elementor-element elementor-element-0c90069\" data-id=\"0c90069\" data-element_type=\"column\">\n\t\t\t<div class=\"elementor-widget-wrap elementor-element-populated\">\n\t\t\t\t\t\t<div class=\"elementor-element elementor-element-d843b26 elementor-widget elementor-widget-image\" data-id=\"d843b26\" data-element_type=\"widget\" data-widget_type=\"image.default\">\n\t\t\t\t<div class=\"elementor-widget-container\">\n\t\t\t\t\t\t\t\t\t\t\t\t\t\t\t<img fetchpriority=\"high\" decoding=\"async\" width=\"724\" height=\"1024\" src=\"https:\/\/maisondelamusiquemarsilly.fr\/wp-content\/uploads\/2025\/11\/flyer-724x1024.jpg\" class=\"attachment-large size-large wp-image-1329\" alt=\"\" srcset=\"https:\/\/maisondelamusiquemarsilly.fr\/wp-content\/uploads\/2025\/11\/flyer-724x1024.jpg 724w, https:\/\/maisondelamusiquemarsilly.fr\/wp-content\/uploads\/2025\/11\/flyer-212x300.jpg 212w, https:\/\/maisondelamusiquemarsilly.fr\/wp-content\/uploads\/2025\/11\/flyer-768x1086.jpg 768w, https:\/\/maisondelamusiquemarsilly.fr\/wp-content\/uploads\/2025\/11\/flyer-1086x1536.jpg 1086w, https:\/\/maisondelamusiquemarsilly.fr\/wp-content\/uploads\/2025\/11\/flyer.jpg 1190w\" sizes=\"(max-width: 724px) 100vw, 724px\" \/>\t\t\t\t\t\t\t\t\t\t\t\t\t\t\t<\/div>\n\t\t\t\t<\/div>\n\t\t\t\t<div class=\"elementor-element elementor-element-c546321 elementor-widget elementor-widget-heading\" data-id=\"c546321\" data-element_type=\"widget\" data-widget_type=\"heading.default\">\n\t\t\t\t<div class=\"elementor-widget-container\">\n\t\t\t\t\t<h2 class=\"elementor-heading-title elementor-size-default\"><h1>Communiqu\u00e9 starmanieul<span style=\"font-family: Roboto, sans-serif;font-size: 3.25rem\"><\/span><\/h1><\/h2>\t\t\t\t<\/div>\n\t\t\t\t<\/div>\n\t\t\t\t<div class=\"elementor-element elementor-element-501cecb elementor-widget elementor-widget-text-editor\" data-id=\"501cecb\" data-element_type=\"widget\" data-widget_type=\"text-editor.default\">\n\t\t\t\t<div class=\"elementor-widget-container\">\n\t\t\t\t\t\t\t\t\t<p><span style=\"font-weight: 400;\">Mais que se passe t\u2019il \u00e0 Nieulopolis? Venez le d\u00e9couvrir, chanter, danser avec nous sur la sc\u00e8ne de la salle Phare du Cordouan, \u00e0 l\u2019espace Michel Cr\u00e9peau de Nieul-sur-mer le dimanche 14 d\u00e9cembre \u00e0 15h.\u00a0<\/span><\/p>\n<p><span style=\"font-weight: 400;\">Starmania, le c\u00e9l\u00e8bre op\u00e9ra Rock, pr\u00e9sent\u00e9 pour la premi\u00e8re fois au public en 1979, a f\u00eat\u00e9 ses 45 ans l\u2019an dernier. Et pourtant, cette histoire, n\u00e9e d\u2019un coup de foudre artistique entre Michel Berger et Luc Plamondon en 1976, fait \u00e9cho \u00e0 nos pr\u00e9occupations d\u2019aujourd\u2019hui: malaise dans les banlieux, totalitarisme, starification facile avec les t\u00e9l\u00e9crochets modernes, vendant le r\u00eave d\u2019\u00eatre un artiste\u2026Un concept futuriste et d\u00e9cadent, jonch\u00e9 de personnages pittoresques comme Jonny Rockfort, le zonard , Ziggy, affichant son homosexualit\u00e9, inspir\u00e9 per David Bowie, Z\u00e9ro Janvier, se projettent en ma\u00eetre d\u2019un monde nouveau, Stella Spotlight, ayant peur d\u2019arborer \u00e0 l\u2019\u00e9cran son image vieillissante ou encore la serveuse automate du fameux Underground Caf\u00e9, clamant les d\u00e9sillusions d\u2019un monde d\u00e9mat\u00e9rialis\u00e9 et d\u00e9shumanis\u00e9\u2026..<\/span><\/p>\n<p><span style=\"font-weight: 400;\">Mais au del\u00e0 de l\u2019aspect sombre de cette histoire qui pourrait \u00eatre la n\u00f4tre, les m\u00e9lodies sont\u00a0 tant\u00f4t dramatiques, tant\u00f4t joyeuses et rythm\u00e9es dont on reconna\u00eet si bien le style caract\u00e9ristique de Michel Berger. 45 ans apr\u00e8s, Starmania reste l\u2019une des com\u00e9dies musicales les plus embl\u00e9matiques dans le monde et ne cesse d\u2019\u00eatre reprise de g\u00e9n\u00e9ration en g\u00e9n\u00e9ration.<\/span><\/p>\n<p><span style=\"font-weight: 400;\">Cette ann\u00e9e dans le cadre du T\u00e9l\u00e9thon, nous avons voulu adapter cette oeuvre culte dans une version plus locale, StarmaNieul. Une sc\u00e9nographie atypique, entour\u00e9s de figurants de l\u2019association les 24h de la Pelle de Marsilly que nous remercions \u00e9galement pour le pr\u00eat du mobilier de d\u00e9cor.\u00a0 Puis bien s\u00fbr, la reprise des chansons les plus embl\u00e9matiques qui r\u00e9sonneront en vous comme une Madeleine de Proust par les chanteurs de l\u2019Atelier A chacun sa voix de la Maison de la musique Marsilly-Nieul-sur-mer..\u00a0<\/span><\/p>\n<p><span style=\"font-weight: 400;\">Ne tardez pas \u00e0 r\u00e9server votre place !<\/span><\/p>\n<p><span style=\"font-weight: 400;\">Billetterie en ligne via Hello Asso<\/span><\/p>\n<p><span style=\"font-weight: 400;\">Par t\u00e9l\u00e9phone ou SMS au 06-61-89-71-40<\/span><\/p>\n<p><a href=\"mailto:maisondelamusiquemarsillynieul@gmail.com\"><span style=\"font-weight: 400;\">maisondelamusiquemarsillynieul@gmail.com<\/span><\/a><\/p>\n<p><span style=\"font-weight: 400;\">www.maisondelamusiquemarsilly.fr<\/span><\/p>\n<p>\u00a0<\/p>\n<p>\u00a0<\/p>\n<p>\u00a0<\/p>\t\t\t\t\t\t\t\t<\/div>\n\t\t\t\t<\/div>\n\t\t\t\t<div class=\"elementor-element elementor-element-7ff0e45 elementor-widget elementor-widget-image\" data-id=\"7ff0e45\" data-element_type=\"widget\" data-widget_type=\"image.default\">\n\t\t\t\t<div class=\"elementor-widget-container\">\n\t\t\t\t\t\t\t\t\t\t\t\t\t\t\t<img decoding=\"async\" width=\"716\" height=\"1024\" src=\"https:\/\/maisondelamusiquemarsilly.fr\/wp-content\/uploads\/2025\/08\/IMG_5274-2-716x1024.jpg\" class=\"attachment-large size-large wp-image-1281\" alt=\"\" srcset=\"https:\/\/maisondelamusiquemarsilly.fr\/wp-content\/uploads\/2025\/08\/IMG_5274-2-716x1024.jpg 716w, https:\/\/maisondelamusiquemarsilly.fr\/wp-content\/uploads\/2025\/08\/IMG_5274-2-210x300.jpg 210w, https:\/\/maisondelamusiquemarsilly.fr\/wp-content\/uploads\/2025\/08\/IMG_5274-2-768x1098.jpg 768w, https:\/\/maisondelamusiquemarsilly.fr\/wp-content\/uploads\/2025\/08\/IMG_5274-2.jpg 827w\" sizes=\"(max-width: 716px) 100vw, 716px\" \/>\t\t\t\t\t\t\t\t\t\t\t\t\t\t\t<\/div>\n\t\t\t\t<\/div>\n\t\t\t\t<div class=\"elementor-element elementor-element-4617aff elementor-widget elementor-widget-image\" data-id=\"4617aff\" data-element_type=\"widget\" data-widget_type=\"image.default\">\n\t\t\t\t<div class=\"elementor-widget-container\">\n\t\t\t\t\t\t\t\t\t\t\t\t\t\t\t<img decoding=\"async\" width=\"724\" height=\"1024\" src=\"https:\/\/maisondelamusiquemarsilly.fr\/wp-content\/uploads\/2025\/08\/IMG_5271-724x1024.jpg\" class=\"attachment-large size-large wp-image-1280\" alt=\"\" srcset=\"https:\/\/maisondelamusiquemarsilly.fr\/wp-content\/uploads\/2025\/08\/IMG_5271-724x1024.jpg 724w, https:\/\/maisondelamusiquemarsilly.fr\/wp-content\/uploads\/2025\/08\/IMG_5271-212x300.jpg 212w, https:\/\/maisondelamusiquemarsilly.fr\/wp-content\/uploads\/2025\/08\/IMG_5271-768x1086.jpg 768w, https:\/\/maisondelamusiquemarsilly.fr\/wp-content\/uploads\/2025\/08\/IMG_5271-1086x1536.jpg 1086w, https:\/\/maisondelamusiquemarsilly.fr\/wp-content\/uploads\/2025\/08\/IMG_5271-1448x2048.jpg 1448w, https:\/\/maisondelamusiquemarsilly.fr\/wp-content\/uploads\/2025\/08\/IMG_5271-scaled.jpg 1810w\" sizes=\"(max-width: 724px) 100vw, 724px\" \/>\t\t\t\t\t\t\t\t\t\t\t\t\t\t\t<\/div>\n\t\t\t\t<\/div>\n\t\t\t\t<div class=\"elementor-element elementor-element-81fa1e9 elementor-widget elementor-widget-text-editor\" data-id=\"81fa1e9\" data-element_type=\"widget\" data-widget_type=\"text-editor.default\">\n\t\t\t\t<div class=\"elementor-widget-container\">\n\t\t\t\t\t\t\t\t\t<h2>\u00a0<\/h2>\n<h1>Forum des associations 2025<\/h1>\n<p>Comme tous les ans, le forum des associations est l&rsquo;occasion de venir \u00e0 la rencontre des b\u00e9n\u00e9voles, intervenants et professeurs de la Maison de la musique Marsilly-Nieul-sur-mer qui pour rappel est compos\u00e9e de deux associations: DESIDELA 17 \u00e0 Marsilly et La Mi Nieul Musique \u00e0 Nieul-sur-mer. Cette ann\u00e9e, le forum des association aura lieu \u00e0 Nieul-sur-mer le dimanche 31 ao\u00fbt de 10h \u00e0 17h \u00e0 l&rsquo;espace Michel Cr\u00e9peau et \u00e0 Marsilly, le samedi 6 septembre de 10h \u00e0 17h Parc ou salle Simenon, et en ce qui nous concerne dans la salle de musique et dans la salle paroissiale dans le parc de la biblioth\u00e8que.Les \u00e9l\u00e8ves d\u00e9j\u00e0 inscrits ou s&rsquo;\u00e9tant pr\u00e9-inscrits durant l&rsquo;\u00e9t\u00e9 seront prioritaires sur le choix des cr\u00e9neaux. Alors n&rsquo;h\u00e9sitez pas \u00e0 venir \u00e0 notre rencontre.<\/p>\n<p>\u00a0<\/p>\n<p>\u00a0<\/p>\n<p>\u00a0<\/p>\t\t\t\t\t\t\t\t<\/div>\n\t\t\t\t<\/div>\n\t\t\t\t<div class=\"elementor-element elementor-element-4777a47 elementor-widget elementor-widget-image\" data-id=\"4777a47\" data-element_type=\"widget\" data-widget_type=\"image.default\">\n\t\t\t\t<div class=\"elementor-widget-container\">\n\t\t\t\t\t\t\t\t\t\t\t\t\t\t\t<img loading=\"lazy\" decoding=\"async\" width=\"724\" height=\"1024\" src=\"https:\/\/maisondelamusiquemarsilly.fr\/wp-content\/uploads\/2025\/08\/IMG_5308-724x1024.jpg\" class=\"attachment-large size-large wp-image-1278\" alt=\"\" srcset=\"https:\/\/maisondelamusiquemarsilly.fr\/wp-content\/uploads\/2025\/08\/IMG_5308-724x1024.jpg 724w, https:\/\/maisondelamusiquemarsilly.fr\/wp-content\/uploads\/2025\/08\/IMG_5308-212x300.jpg 212w, https:\/\/maisondelamusiquemarsilly.fr\/wp-content\/uploads\/2025\/08\/IMG_5308-768x1086.jpg 768w, https:\/\/maisondelamusiquemarsilly.fr\/wp-content\/uploads\/2025\/08\/IMG_5308-1086x1536.jpg 1086w, https:\/\/maisondelamusiquemarsilly.fr\/wp-content\/uploads\/2025\/08\/IMG_5308.jpg 1414w\" sizes=\"(max-width: 724px) 100vw, 724px\" \/>\t\t\t\t\t\t\t\t\t\t\t\t\t\t\t<\/div>\n\t\t\t\t<\/div>\n\t\t\t\t<div class=\"elementor-element elementor-element-ce52659 elementor-widget elementor-widget-text-editor\" data-id=\"ce52659\" data-element_type=\"widget\" data-widget_type=\"text-editor.default\">\n\t\t\t\t<div class=\"elementor-widget-container\">\n\t\t\t\t\t\t\t\t\t<h2>\u00a0<\/h2>\n<h1>F\u00eate de la musique 2025<\/h1>\n<p>La f\u00eate de la musique ,comme chaque ann\u00e9e, est l&rsquo;occasion pour nos \u00e9l\u00e8ves qui le souhaitent de se produire sur sc\u00e8ne accompagn\u00e9s de leurs professeurs. Voici quelques extraits de leurs prestations que vous pouvez visionner en cliquant sur les liens ci-apr\u00e8s:<\/p>\n<p><a href=\"https:\/\/youtu.be\/xnS5gslAoRs\">https:\/\/youtu.be\/xnS5gslAoRs<\/a><\/p>\n<p><a href=\"https:\/\/youtu.be\/pQDOJCwo5T8\">https:\/\/youtu.be\/pQDOJCwo5T8<\/a><\/p>\n<p>\u00a0<\/p>\t\t\t\t\t\t\t\t<\/div>\n\t\t\t\t<\/div>\n\t\t\t\t<div class=\"elementor-element elementor-element-934a5e8 elementor-widget elementor-widget-image\" data-id=\"934a5e8\" data-element_type=\"widget\" data-widget_type=\"image.default\">\n\t\t\t\t<div class=\"elementor-widget-container\">\n\t\t\t\t\t\t\t\t\t\t\t\t\t\t\t<img loading=\"lazy\" decoding=\"async\" width=\"512\" height=\"800\" src=\"https:\/\/maisondelamusiquemarsilly.fr\/wp-content\/uploads\/2025\/08\/Affiche-chantons-sous-loccupation-2025.jpg\" class=\"attachment-large size-large wp-image-1200\" alt=\"\" srcset=\"https:\/\/maisondelamusiquemarsilly.fr\/wp-content\/uploads\/2025\/08\/Affiche-chantons-sous-loccupation-2025.jpg 512w, https:\/\/maisondelamusiquemarsilly.fr\/wp-content\/uploads\/2025\/08\/Affiche-chantons-sous-loccupation-2025-192x300.jpg 192w\" sizes=\"(max-width: 512px) 100vw, 512px\" \/>\t\t\t\t\t\t\t\t\t\t\t\t\t\t\t<\/div>\n\t\t\t\t<\/div>\n\t\t\t\t<div class=\"elementor-element elementor-element-dc5141c elementor-widget elementor-widget-text-editor\" data-id=\"dc5141c\" data-element_type=\"widget\" data-widget_type=\"text-editor.default\">\n\t\t\t\t<div class=\"elementor-widget-container\">\n\t\t\t\t\t\t\t\t\t<h2>\u00a0<\/h2>\n<h1>Spectacle Chantons sous l&rsquo;occupation: la guerre des ondes<\/h1>\n<p>Chantons sous l&rsquo;occupation: la guerre des ondes a \u00e9t\u00e9 cr\u00e9\u00e9 en 2015 par Catherine Picard et Isabelle Boss\u00e9-Gastou, en partenariat avec la ville de La Rochelle et le mus\u00e9e du Bunker pour les 70 ans de la lib\u00e9ration de la poche de La Rochelle. 4 repr\u00e9sentations ont \u00e9t\u00e9 donn\u00e9 au sein de ce dernier avec la collaboration de quelques \u00e9l\u00e8ves du Conservatoire de La Rochelle et la harpiste Magali Zsigmond. Cette ann\u00e9e, pour les 80 ans, une toute nouvelle sc\u00e9nographie de ce spectacle revisit\u00e9 avec la participation de Jean Marc Desbois, notre parrain, a \u00e9t\u00e9 jou\u00e9 \u00e0 Nieul-sur -mer et en partenariat avec l&rsquo;association les 24heures de la Pelle de Marsilly pour la figuration. Nous remercions \u00e9galement l&rsquo;association APC 17 (Association Patriotique et Culturelle), et particuli\u00e8rement Pierre Le Droumaguet, toujours \u00e0 nos c\u00f4t\u00e9s, et qui a film\u00e9 int\u00e9gralement le spectacle que vous pourrez retrouver ci apr\u00e8s en deux partis en cliquant sur les liens:<\/p>\n<p><a href=\"https:\/\/youtu.be\/xnS5gslAoRs\">https:\/\/youtu.be\/xnS5gslAoRs<\/a><\/p>\n<p><a href=\"https:\/\/youtu.be\/pQDOJCwo5T8\">https:\/\/youtu.be\/pQDOJCwo5T8<\/a><\/p>\n<p>\u00a0<\/p>\n<p>\u00a0<\/p>\t\t\t\t\t\t\t\t<\/div>\n\t\t\t\t<\/div>\n\t\t\t\t\t<\/div>\n\t\t<\/div>\n\t\t\t\t\t<\/div>\n\t\t<\/section>\n\t\t\t\t<section class=\"elementor-section elementor-top-section elementor-element elementor-element-f2d117e elementor-section-boxed elementor-section-height-default elementor-section-height-default wpr-particle-no wpr-jarallax-no wpr-parallax-no wpr-sticky-section-no\" data-id=\"f2d117e\" data-element_type=\"section\">\n\t\t\t\t\t\t<div class=\"elementor-container elementor-column-gap-default\">\n\t\t\t\t\t<div class=\"elementor-column elementor-col-100 elementor-top-column elementor-element elementor-element-f371d11\" data-id=\"f371d11\" data-element_type=\"column\">\n\t\t\t<div class=\"elementor-widget-wrap elementor-element-populated\">\n\t\t\t\t\t\t<div class=\"elementor-element elementor-element-3253d70 elementor-widget elementor-widget-image\" data-id=\"3253d70\" data-element_type=\"widget\" data-widget_type=\"image.default\">\n\t\t\t\t<div class=\"elementor-widget-container\">\n\t\t\t\t\t\t\t\t\t\t\t\t\t\t\t<img loading=\"lazy\" decoding=\"async\" width=\"724\" height=\"1024\" src=\"https:\/\/maisondelamusiquemarsilly.fr\/wp-content\/uploads\/2025\/08\/Couverture-Piccolino-724x1024.png\" class=\"attachment-large size-large wp-image-1196\" alt=\"\" srcset=\"https:\/\/maisondelamusiquemarsilly.fr\/wp-content\/uploads\/2025\/08\/Couverture-Piccolino-724x1024.png 724w, https:\/\/maisondelamusiquemarsilly.fr\/wp-content\/uploads\/2025\/08\/Couverture-Piccolino-212x300.png 212w, https:\/\/maisondelamusiquemarsilly.fr\/wp-content\/uploads\/2025\/08\/Couverture-Piccolino-768x1086.png 768w, https:\/\/maisondelamusiquemarsilly.fr\/wp-content\/uploads\/2025\/08\/Couverture-Piccolino-1086x1536.png 1086w, https:\/\/maisondelamusiquemarsilly.fr\/wp-content\/uploads\/2025\/08\/Couverture-Piccolino-1448x2048.png 1448w, https:\/\/maisondelamusiquemarsilly.fr\/wp-content\/uploads\/2025\/08\/Couverture-Piccolino.png 1587w\" sizes=\"(max-width: 724px) 100vw, 724px\" \/>\t\t\t\t\t\t\t\t\t\t\t\t\t\t\t<\/div>\n\t\t\t\t<\/div>\n\t\t\t\t<div class=\"elementor-element elementor-element-943d1f4 elementor-widget elementor-widget-text-editor\" data-id=\"943d1f4\" data-element_type=\"widget\" data-widget_type=\"text-editor.default\">\n\t\t\t\t<div class=\"elementor-widget-container\">\n\t\t\t\t\t\t\t\t\t<h2>\u00a0<\/h2>\n<h1>Projet Picolino: \u00e9veil musical en milieu scolaire<\/h1>\n<p>Apr\u00e8s une ann\u00e9e exp\u00e9rimentale sur deux classes, la Maison de la musique Marsilly, gr\u00e2ce \u00e0 un partenariat avec l&rsquo;\u00e9cole maternelle Jean de la Fontaine de Marsilly, et une convention tripartite avec la municipalit\u00e9, a pu mettre en place 10 s\u00e9ances d&rsquo;\u00e9veil musical pour chacune des 4 classes de maternelle. De la petite section \u00e0 la grande section\/ CP, 80 \u00e9l\u00e8ves ont pu b\u00e9n\u00e9ficier de cette initiation sur un trimestre. D\u00e9couverte des instruments, des notes et des rythme avec la m\u00e9thode M\u00e9lopie, jouer des partitions sur m\u00e9talinotes, chanter des comptines sign\u00e9es, choisir leur propre arrangement musical parmi plusieurs styles de musique propos\u00e9s, bouger en rythme&#8230;. Un petit spectacle de restitution a \u00e9t\u00e9 donn\u00e9 devant les parents d&rsquo;\u00e9l\u00e8ves \u00e0 la fin du projet.<\/p>\n<p>Pour en savoir plus: ciquez sur le lien ci-apr\u00e8s pour visionner un petit reportage sur le projet.<\/p>\n<p><a href=\"https:\/\/youtu.be\/KEfrZEDAjco\">https:\/\/youtu.be\/KEfrZEDAjco<\/a><\/p>\n<p>\u00a0<\/p>\t\t\t\t\t\t\t\t<\/div>\n\t\t\t\t<\/div>\n\t\t\t\t\t<\/div>\n\t\t<\/div>\n\t\t\t\t\t<\/div>\n\t\t<\/section>\n\t\t\t\t<section class=\"elementor-section elementor-top-section elementor-element elementor-element-2e7abcf9 elementor-section-boxed elementor-section-height-default elementor-section-height-default wpr-particle-no wpr-jarallax-no wpr-parallax-no wpr-sticky-section-no\" data-id=\"2e7abcf9\" data-element_type=\"section\">\n\t\t\t\t\t\t<div class=\"elementor-container elementor-column-gap-default\">\n\t\t\t\t\t<div class=\"elementor-column elementor-col-100 elementor-top-column elementor-element elementor-element-755d43ce\" data-id=\"755d43ce\" data-element_type=\"column\">\n\t\t\t<div class=\"elementor-widget-wrap elementor-element-populated\">\n\t\t\t\t\t\t<div class=\"elementor-element elementor-element-12e8b3b9 elementor-widget elementor-widget-text-editor\" data-id=\"12e8b3b9\" data-element_type=\"widget\" data-widget_type=\"text-editor.default\">\n\t\t\t\t<div class=\"elementor-widget-container\">\n\t\t\t\t\t\t\t\t\t<h2 dir=\"auto\">Votre soir\u00e9e karaok\u00e9 cl\u00e9 en main<\/h2>\n<p>Nouveaut\u00e9 cette ann\u00e9e 2025. La Maison de la musique Marsilly-Nieul-sur-mer vous propose une prestation sur mesure afin d&rsquo;enchantez vos soir\u00e9es. Aujourd\u2019hui, les gens ont tendance \u00e0 consid\u00e9rer le karaok\u00e9 comme une activit\u00e9 qui n\u2019est plus du tout \u00e0 la mode. Cependant, il n\u2019en est rien et cette activit\u00e9 est toujours dans l\u2019air du temps. Elle fait m\u00eame partie des loisirs pr\u00e9f\u00e9r\u00e9s des Fran\u00e7ais.<br \/>Le karaok\u00e9 est une activit\u00e9 qui peut \u00eatre pratiqu\u00e9e par tous, quelque soit son \u00e2ge ou sa condition physique. C\u2019est un bon moyen de faire de nouvelles rencontres et de passer un moment agr\u00e9able avec ses amis ou sa famille.Vous \u00eates un particulier, une collectivit\u00e9 ou une association? Nous mettons \u00e0 votre disposition tout le mat\u00e9riel n\u00e9c\u00e9ssaire ainsi que des animateurs b\u00e9n\u00e9voles afin de vous permettre de proposer des soir\u00e9es Karaok\u00e9 de haute qualit\u00e9 et \u00e0 moindre co\u00fbt. Alors n&rsquo;h\u00e9sitez pas \u00e0 nous contacter au 06 61 89 71 40.<br \/><img loading=\"lazy\" decoding=\"async\" src=\"http:\/\/maisondelamusiquemarsilly.fr\/wp-content\/uploads\/2025\/02\/476434671_1050327263780633_1788635623057105154_n-1024x1024.jpg\" sizes=\"(max-width: 990px) 100vw, 990px\" srcset=\"https:\/\/maisondelamusiquemarsilly.fr\/wp-content\/uploads\/2025\/02\/476434671_1050327263780633_1788635623057105154_n-1024x1024.jpg 1024w, https:\/\/maisondelamusiquemarsilly.fr\/wp-content\/uploads\/2025\/02\/476434671_1050327263780633_1788635623057105154_n-300x300.jpg 300w, https:\/\/maisondelamusiquemarsilly.fr\/wp-content\/uploads\/2025\/02\/476434671_1050327263780633_1788635623057105154_n-150x150.jpg 150w, https:\/\/maisondelamusiquemarsilly.fr\/wp-content\/uploads\/2025\/02\/476434671_1050327263780633_1788635623057105154_n-768x768.jpg 768w, https:\/\/maisondelamusiquemarsilly.fr\/wp-content\/uploads\/2025\/02\/476434671_1050327263780633_1788635623057105154_n-640x640.jpg 640w, https:\/\/maisondelamusiquemarsilly.fr\/wp-content\/uploads\/2025\/02\/476434671_1050327263780633_1788635623057105154_n-240x240.jpg 240w, https:\/\/maisondelamusiquemarsilly.fr\/wp-content\/uploads\/2025\/02\/476434671_1050327263780633_1788635623057105154_n-110x110.jpg 110w, https:\/\/maisondelamusiquemarsilly.fr\/wp-content\/uploads\/2025\/02\/476434671_1050327263780633_1788635623057105154_n.jpg 1080w\" alt=\"\" width=\"990\" height=\"990\" \/><\/p>\n<p><\/p>\n<ul class=\"wp-block-social-links aligncenter is-layout-flex wp-block-social-links-is-layout-flex\"><li class=\"wp-social-link wp-social-link-facebook  wp-block-social-link\"><a href=\"https:\/\/www.facebook.com\/maisondelamusiquemarsilly\" class=\"wp-block-social-link-anchor\"><svg width=\"24\" height=\"24\" viewBox=\"0 0 24 24\" version=\"1.1\" xmlns=\"http:\/\/www.w3.org\/2000\/svg\" aria-hidden=\"true\" focusable=\"false\"><path d=\"M12 2C6.5 2 2 6.5 2 12c0 5 3.7 9.1 8.4 9.9v-7H7.9V12h2.5V9.8c0-2.5 1.5-3.9 3.8-3.9 1.1 0 2.2.2 2.2.2v2.5h-1.3c-1.2 0-1.6.8-1.6 1.6V12h2.8l-.4 2.9h-2.3v7C18.3 21.1 22 17 22 12c0-5.5-4.5-10-10-10z\"><\/path><\/svg><span class=\"wp-block-social-link-label screen-reader-text\">Facebook<\/span><\/a><\/li><li class=\"wp-social-link wp-social-link-instagram  wp-block-social-link\"><a href=\"https:\/\/www.instagram.com\/maisondelamusiquemarsilly\/?hl=fr\" class=\"wp-block-social-link-anchor\"><svg width=\"24\" height=\"24\" viewBox=\"0 0 24 24\" version=\"1.1\" xmlns=\"http:\/\/www.w3.org\/2000\/svg\" aria-hidden=\"true\" focusable=\"false\"><path d=\"M12,4.622c2.403,0,2.688,0.009,3.637,0.052c0.877,0.04,1.354,0.187,1.671,0.31c0.42,0.163,0.72,0.358,1.035,0.673 c0.315,0.315,0.51,0.615,0.673,1.035c0.123,0.317,0.27,0.794,0.31,1.671c0.043,0.949,0.052,1.234,0.052,3.637 s-0.009,2.688-0.052,3.637c-0.04,0.877-0.187,1.354-0.31,1.671c-0.163,0.42-0.358,0.72-0.673,1.035 c-0.315,0.315-0.615,0.51-1.035,0.673c-0.317,0.123-0.794,0.27-1.671,0.31c-0.949,0.043-1.233,0.052-3.637,0.052 s-2.688-0.009-3.637-0.052c-0.877-0.04-1.354-0.187-1.671-0.31c-0.42-0.163-0.72-0.358-1.035-0.673 c-0.315-0.315-0.51-0.615-0.673-1.035c-0.123-0.317-0.27-0.794-0.31-1.671C4.631,14.688,4.622,14.403,4.622,12 s0.009-2.688,0.052-3.637c0.04-0.877,0.187-1.354,0.31-1.671c0.163-0.42,0.358-0.72,0.673-1.035 c0.315-0.315,0.615-0.51,1.035-0.673c0.317-0.123,0.794-0.27,1.671-0.31C9.312,4.631,9.597,4.622,12,4.622 M12,3 C9.556,3,9.249,3.01,8.289,3.054C7.331,3.098,6.677,3.25,6.105,3.472C5.513,3.702,5.011,4.01,4.511,4.511 c-0.5,0.5-0.808,1.002-1.038,1.594C3.25,6.677,3.098,7.331,3.054,8.289C3.01,9.249,3,9.556,3,12c0,2.444,0.01,2.751,0.054,3.711 c0.044,0.958,0.196,1.612,0.418,2.185c0.23,0.592,0.538,1.094,1.038,1.594c0.5,0.5,1.002,0.808,1.594,1.038 c0.572,0.222,1.227,0.375,2.185,0.418C9.249,20.99,9.556,21,12,21s2.751-0.01,3.711-0.054c0.958-0.044,1.612-0.196,2.185-0.418 c0.592-0.23,1.094-0.538,1.594-1.038c0.5-0.5,0.808-1.002,1.038-1.594c0.222-0.572,0.375-1.227,0.418-2.185 C20.99,14.751,21,14.444,21,12s-0.01-2.751-0.054-3.711c-0.044-0.958-0.196-1.612-0.418-2.185c-0.23-0.592-0.538-1.094-1.038-1.594 c-0.5-0.5-1.002-0.808-1.594-1.038c-0.572-0.222-1.227-0.375-2.185-0.418C14.751,3.01,14.444,3,12,3L12,3z M12,7.378 c-2.552,0-4.622,2.069-4.622,4.622S9.448,16.622,12,16.622s4.622-2.069,4.622-4.622S14.552,7.378,12,7.378z M12,15 c-1.657,0-3-1.343-3-3s1.343-3,3-3s3,1.343,3,3S13.657,15,12,15z M16.804,6.116c-0.596,0-1.08,0.484-1.08,1.08 s0.484,1.08,1.08,1.08c0.596,0,1.08-0.484,1.08-1.08S17.401,6.116,16.804,6.116z\"><\/path><\/svg><span class=\"wp-block-social-link-label screen-reader-text\">Instagram<\/span><\/a><\/li><\/ul>\n<p><\/p>\n<h2 class=\"wp-block-heading\">Concert de Jean Marc Desbois le 26 octobre A Nieul-sur-mer<\/h2>\n<p><\/p>\n<p>Qui ne conna\u00eet pas le chanteur-compositeur-interpr\u00e8te, Jean Marc Desbois? Cet enfant du pays, n\u00e9 \u00e0 la Rochelle, au parcours incroyable, amoureux des textes, v\u00e9ritable passeur de m\u00e9moire avec son c\u00e9l\u00e8bre spectacle estival \u00ab\u00a0En passant par La Rochelle, se produira \u00e0 Nieul-sur-mer le Samedi 26 octobre prochain \u00e0 20h30, salle phare du Cordouan de l&rsquo;Espace Michel Cr\u00e9peau. La premi\u00e8re partie sera assur\u00e9e par les \u00e9l\u00e8ves chanteurs de La Mi Nieul Musique et la Maison de la musique de Marsilly.<\/p>\n<p><\/p>\n<p>Seul avec son pianiste Jacky Delange, Jean Marc Desbois nous transportera dans l&rsquo;univers d&rsquo;un de ses auteurs-compositeurs-interpr\u00e8tes favoris avec son spectacle \u201cMerci Reggiani\u201d. Suite \u00e0 une rencontre avec les \u00e9l\u00e8ves de l&rsquo;atelier \u201c \u00e0 chacun sa voix\u201d de l&rsquo;association La Mi Nieul musique et \u00e9galement de la Maison de la musique de Marsilly, sa g\u00e9n\u00e9rosit\u00e9 et sa bienveillance a conquis le c\u0153ur de ces derniers. C&rsquo;est tout naturellement qu&rsquo;ils l&rsquo;ont adopt\u00e9 comme parrain des deux structures. Les \u00e9l\u00e8ves, qui ont b\u00e9n\u00e9fici\u00e9 d&rsquo;un coaching personnalis\u00e9 par l&rsquo;artiste, chanteront des chansons fran\u00e7aises, \u00e0 texte, accompagn\u00e9s uniquement au piano par Catherine Picard, parfois ponctu\u00e9 d&rsquo;accord\u00e9on avec Marie-Claire Jaunet et des rythmes du Djemb\u00e9 ou du Cajon de Jo\u00ebl Lambert, tous musiciens b\u00e9n\u00e9voles, animateurs de ses ateliers et membres du bureau des deux structures. Un v\u00e9ritable voyage au c\u0153ur des mots de la langue de Moli\u00e8re, si ch\u00e8re \u00e0 Jean Marc Desbois, avec un accompagnement musical \u00e9pur\u00e9, acoustique rendant gr\u00e2ce au sens des textes et aux valeurs qu&rsquo;ils portent \u00e0 ne pas manquer. Vous pouvez d\u2019ores et d\u00e9j\u00e0 r\u00e9server vos billets. Les b\u00e9n\u00e9fices seront revers\u00e9s aux deux associations pour les aider dans leur projet \u201c la culture pour tous\u201d permettant un acc\u00e8s \u00e0 l&rsquo;enseignement musical pour les plus d\u00e9munis \u00e0 travers le pr\u00eat d&rsquo;instruments de musique et la constitution d&rsquo;une instrumentoth\u00e8que. Deux grands auteurs compositeurs seront pr\u00e9sents : Sylvain Lebel et Jean Max Rivi\u00e8re qui ont beaucoup compos\u00e9 pour Serge Reggiani mais \u00e9galement pour d&rsquo;autres c\u00e9l\u00e9brit\u00e9s comme Dalida, Celine Dion, Michel Amont&#8230;..<\/p>\n<p><\/p>\n<figure class=\"wp-block-image aligncenter size-large\"><img loading=\"lazy\" decoding=\"async\" width=\"723\" height=\"1024\" class=\"wp-image-1083\" src=\"https:\/\/maisondelamusiquemarsilly.fr\/wp-content\/uploads\/2024\/10\/Capture-decran-2024-10-18-a-15.38.57-723x1024.png\" alt=\"\" srcset=\"https:\/\/maisondelamusiquemarsilly.fr\/wp-content\/uploads\/2024\/10\/Capture-decran-2024-10-18-a-15.38.57-723x1024.png 723w, https:\/\/maisondelamusiquemarsilly.fr\/wp-content\/uploads\/2024\/10\/Capture-decran-2024-10-18-a-15.38.57-212x300.png 212w, https:\/\/maisondelamusiquemarsilly.fr\/wp-content\/uploads\/2024\/10\/Capture-decran-2024-10-18-a-15.38.57-768x1088.png 768w, https:\/\/maisondelamusiquemarsilly.fr\/wp-content\/uploads\/2024\/10\/Capture-decran-2024-10-18-a-15.38.57-1084x1536.png 1084w, https:\/\/maisondelamusiquemarsilly.fr\/wp-content\/uploads\/2024\/10\/Capture-decran-2024-10-18-a-15.38.57.png 1340w\" sizes=\"(max-width: 723px) 100vw, 723px\" \/><\/figure>\n<p><\/p>\n<p>Pour gagner deux places pour le concert, rendez-vous sur notre page Facebook Maison de la musique Marsilly:<\/p>\n<p><\/p>\n<figure class=\"wp-block-image size-large\"><img loading=\"lazy\" decoding=\"async\" width=\"1024\" height=\"1022\" class=\"wp-image-1085\" src=\"https:\/\/maisondelamusiquemarsilly.fr\/wp-content\/uploads\/2024\/10\/Capture-decran-2024-10-17-a-19.09.21-1024x1022.png\" alt=\"\" srcset=\"https:\/\/maisondelamusiquemarsilly.fr\/wp-content\/uploads\/2024\/10\/Capture-decran-2024-10-17-a-19.09.21-1024x1022.png 1024w, https:\/\/maisondelamusiquemarsilly.fr\/wp-content\/uploads\/2024\/10\/Capture-decran-2024-10-17-a-19.09.21-300x300.png 300w, https:\/\/maisondelamusiquemarsilly.fr\/wp-content\/uploads\/2024\/10\/Capture-decran-2024-10-17-a-19.09.21-150x150.png 150w, https:\/\/maisondelamusiquemarsilly.fr\/wp-content\/uploads\/2024\/10\/Capture-decran-2024-10-17-a-19.09.21-768x767.png 768w, https:\/\/maisondelamusiquemarsilly.fr\/wp-content\/uploads\/2024\/10\/Capture-decran-2024-10-17-a-19.09.21-640x640.png 640w, https:\/\/maisondelamusiquemarsilly.fr\/wp-content\/uploads\/2024\/10\/Capture-decran-2024-10-17-a-19.09.21-240x240.png 240w, https:\/\/maisondelamusiquemarsilly.fr\/wp-content\/uploads\/2024\/10\/Capture-decran-2024-10-17-a-19.09.21-110x110.png 110w, https:\/\/maisondelamusiquemarsilly.fr\/wp-content\/uploads\/2024\/10\/Capture-decran-2024-10-17-a-19.09.21.png 1190w\" sizes=\"(max-width: 1024px) 100vw, 1024px\" \/><\/figure>\n<p><\/p>\n<h2 class=\"wp-block-heading\">Forum des associations rentr\u00e9e2024<\/h2>\n<p><\/p>\n<figure class=\"wp-block-image size-large\"><img loading=\"lazy\" decoding=\"async\" width=\"1024\" height=\"1024\" class=\"wp-image-1044\" src=\"https:\/\/maisondelamusiquemarsilly.fr\/wp-content\/uploads\/2024\/08\/2_publication-reseaux-forum-asso-2024-1024x1024-1-1024x1024.jpeg\" alt=\"\" srcset=\"https:\/\/maisondelamusiquemarsilly.fr\/wp-content\/uploads\/2024\/08\/2_publication-reseaux-forum-asso-2024-1024x1024-1.jpeg 1024w, https:\/\/maisondelamusiquemarsilly.fr\/wp-content\/uploads\/2024\/08\/2_publication-reseaux-forum-asso-2024-1024x1024-1-300x300.jpeg 300w, https:\/\/maisondelamusiquemarsilly.fr\/wp-content\/uploads\/2024\/08\/2_publication-reseaux-forum-asso-2024-1024x1024-1-150x150.jpeg 150w, https:\/\/maisondelamusiquemarsilly.fr\/wp-content\/uploads\/2024\/08\/2_publication-reseaux-forum-asso-2024-1024x1024-1-768x768.jpeg 768w, https:\/\/maisondelamusiquemarsilly.fr\/wp-content\/uploads\/2024\/08\/2_publication-reseaux-forum-asso-2024-1024x1024-1-640x640.jpeg 640w, https:\/\/maisondelamusiquemarsilly.fr\/wp-content\/uploads\/2024\/08\/2_publication-reseaux-forum-asso-2024-1024x1024-1-240x240.jpeg 240w, https:\/\/maisondelamusiquemarsilly.fr\/wp-content\/uploads\/2024\/08\/2_publication-reseaux-forum-asso-2024-1024x1024-1-110x110.jpeg 110w\" sizes=\"(max-width: 1024px) 100vw, 1024px\" \/><\/figure>\n<p><\/p>\n<figure class=\"wp-block-image aligncenter size-large\"><img loading=\"lazy\" decoding=\"async\" width=\"724\" height=\"1024\" class=\"wp-image-1046\" src=\"https:\/\/maisondelamusiquemarsilly.fr\/wp-content\/uploads\/2024\/08\/forum-associations-2024-1--724x1024.png\" alt=\"\" srcset=\"https:\/\/maisondelamusiquemarsilly.fr\/wp-content\/uploads\/2024\/08\/forum-associations-2024-1--724x1024.png 724w, https:\/\/maisondelamusiquemarsilly.fr\/wp-content\/uploads\/2024\/08\/forum-associations-2024-1--212x300.png 212w, https:\/\/maisondelamusiquemarsilly.fr\/wp-content\/uploads\/2024\/08\/forum-associations-2024-1--768x1086.png 768w, https:\/\/maisondelamusiquemarsilly.fr\/wp-content\/uploads\/2024\/08\/forum-associations-2024-1--1086x1536.png 1086w, https:\/\/maisondelamusiquemarsilly.fr\/wp-content\/uploads\/2024\/08\/forum-associations-2024-1--1448x2048.png 1448w, https:\/\/maisondelamusiquemarsilly.fr\/wp-content\/uploads\/2024\/08\/forum-associations-2024-1-.png 1587w\" sizes=\"(max-width: 724px) 100vw, 724px\" \/><\/figure>\n<p><\/p>\n<h2 class=\"wp-block-heading\">Soir\u00e9e Karaok\u00e9 Place des carellets \u00e0 Marsilly le samedi 10 a\u00f4ut 2024<\/h2>\n<p><\/p>\n<p>Vous aimez chanter? Faire la f\u00eate, ou tout simplement danser o\u00f9 \u00e9couter de la musique? Pour la premi\u00e8re fois, La Maison de la musique de Marsilly et Nieul-sur-mer propose une grande soir\u00e9e Karaok\u00e9 en partanariat avec le Marseillois et Un P&rsquo;tit Coin d&rsquo;Italie. Pour cette occasion, les deux commer\u00e7ants se sont rassembl\u00e9s afin de proposer une formule sp\u00e9ciale Karaok\u00e9. Afin de b\u00e9n\u00e9ficier d&rsquo;une place assise assur\u00e9e, nous vous invitons \u00e0 r\u00e9server votre place (comprenant la formule) d\u00e8s \u00e0 pr\u00e9sent. Nous remercions la municipalit\u00e9 de Marsilly pour leur aide logistique avec pr\u00eat d&rsquo;un tivoli, tables et bancs.<\/p>\n<p><\/p>\n<figure class=\"wp-block-image aligncenter size-large\"><img loading=\"lazy\" decoding=\"async\" width=\"724\" height=\"1024\" class=\"wp-image-992\" src=\"https:\/\/maisondelamusiquemarsilly.fr\/wp-content\/uploads\/2024\/08\/Soire\u0301e-Karaoke\u0301-724x1024.jpg\" alt=\"\" srcset=\"https:\/\/maisondelamusiquemarsilly.fr\/wp-content\/uploads\/2024\/08\/Soire\u0301e-Karaoke\u0301-724x1024.jpg 724w, https:\/\/maisondelamusiquemarsilly.fr\/wp-content\/uploads\/2024\/08\/Soire\u0301e-Karaoke\u0301-212x300.jpg 212w, https:\/\/maisondelamusiquemarsilly.fr\/wp-content\/uploads\/2024\/08\/Soire\u0301e-Karaoke\u0301-768x1086.jpg 768w, https:\/\/maisondelamusiquemarsilly.fr\/wp-content\/uploads\/2024\/08\/Soire\u0301e-Karaoke\u0301-1086x1536.jpg 1086w, https:\/\/maisondelamusiquemarsilly.fr\/wp-content\/uploads\/2024\/08\/Soire\u0301e-Karaoke\u0301-1448x2048.jpg 1448w, https:\/\/maisondelamusiquemarsilly.fr\/wp-content\/uploads\/2024\/08\/Soire\u0301e-Karaoke\u0301-scaled.jpg 1810w\" sizes=\"(max-width: 724px) 100vw, 724px\" \/><\/figure>\n<p><\/p>\n<h2 class=\"wp-block-heading\">F\u00eate de la musique \u00e0 Marsilly<\/h2>\n<p><\/p>\n<figure class=\"wp-block-video aligncenter\"><video src=\"https:\/\/maisondelamusiquemarsilly.fr\/wp-content\/uploads\/2024\/08\/Reel-Facebook-Fe\u0302te-de-la-musique-2024.mp4\" controls=\"controls\" width=\"300\" height=\"150\"><\/video><\/figure>\n<p><\/p>\n<p>Cette ann\u00e9e, les f\u00eates de la musique se sont d\u00e9roul\u00e9es \u00e0 Marsilly le samedi 22 juin en deux temps: les \u00e9l\u00e8ves instrumentistes (guitare, fl\u00fbte traversi\u00e8re, piano, saxophone) se sont produits dans le parc de la biblioth\u00e8que de 14h \u00e0 16h et les festivit\u00e9s se sont poursuivies place des Carrelets de 18h \u00e0 21h avec les \u00e9l\u00e8ves chanteurs de l&rsquo;atelier \u00a0\u00bb A chacun sa voix\u00a0\u00bb. Cette seconde journ\u00e9e de festivit\u00e9 s&rsquo;est faite en partenariat avec le Marseillois, la pizzeria Un P&rsquo;tit Coin d&rsquo;Italie, et l&rsquo;association C\u00f4te \u00e0 Cost qui a assur\u00e9 la premi\u00e8re partie de la soir\u00e9e avec des chants traditionnels irlandais. Un grand merci aux b\u00e9n\u00e9voles en particulier Gilles Piard, conseiller municipal de la commune pour son aide logistique. Le concert est \u00e0 revoir en ligne sur les pages Facebook de la Maison de la musique Marsilly et La Mi Nieul Musique.<\/p>\n<p><\/p>\n<figure class=\"wp-block-video aligncenter\"><video src=\"blob:https:\/\/maisondelamusiquemarsilly.fr\/8aeecf13-329f-4fca-aebd-eff792812ab8\" controls=\"controls\" width=\"300\" height=\"150\"><\/video><\/figure>\n<p><\/p>\n<figure class=\"wp-block-video aligncenter\"><video src=\"blob:https:\/\/maisondelamusiquemarsilly.fr\/f500db5f-da24-4e52-b0bd-49d302ecd0b4\" controls=\"controls\" width=\"300\" height=\"150\"><\/video><\/figure>\n<p><\/p>\n<h2 class=\"wp-block-heading\">Ateliers eveil b\u00e9b\u00e9<\/h2>\n<p><\/p>\n<p>Chose promise, chose due. apr\u00e8s une formation d&rsquo;animation d&rsquo;ateliers \u00e9v\u00e9il-b\u00e9b\u00e9 aupr\u00e8s des \u00e9tablissements recevant des enfants de 0 \u00e0 3 ans mais aussi des assistantes maternelles souhaitant offrir des activit\u00e9s \u00e0 leurs ch\u00e9rubins , la derni\u00e8re semaine de Mai 2023, les enfants de l&rsquo;espace d&rsquo;accueil Grains de sable de Ch\u00e2telaillon-Plage ont pu b\u00e9n\u00e9ficier des premiers ateliers. Une seconde session de 5 ateliers est pr\u00e9vue d\u00e9but septembre ainsi les enfants du collectif B\u00e9b\u00e9 la Malice d&rsquo;Esnandes.<\/p>\n<p><\/p>\n<figure class=\"wp-block-image size-large\"><img loading=\"lazy\" decoding=\"async\" width=\"768\" height=\"1024\" class=\"wp-image-968\" src=\"https:\/\/maisondelamusiquemarsilly.fr\/wp-content\/uploads\/2024\/08\/IMG_3769-768x1024.jpg\" alt=\"\" srcset=\"https:\/\/maisondelamusiquemarsilly.fr\/wp-content\/uploads\/2024\/08\/IMG_3769-768x1024.jpg 768w, https:\/\/maisondelamusiquemarsilly.fr\/wp-content\/uploads\/2024\/08\/IMG_3769-225x300.jpg 225w, https:\/\/maisondelamusiquemarsilly.fr\/wp-content\/uploads\/2024\/08\/IMG_3769-1152x1536.jpg 1152w, https:\/\/maisondelamusiquemarsilly.fr\/wp-content\/uploads\/2024\/08\/IMG_3769.jpg 1200w\" sizes=\"(max-width: 768px) 100vw, 768px\" \/><\/figure>\n<p><\/p>\n<figure class=\"wp-block-image size-large\"><img loading=\"lazy\" decoding=\"async\" width=\"768\" height=\"1024\" class=\"wp-image-969\" src=\"https:\/\/maisondelamusiquemarsilly.fr\/wp-content\/uploads\/2024\/08\/IMG_3770-4-768x1024.jpg\" alt=\"\" srcset=\"https:\/\/maisondelamusiquemarsilly.fr\/wp-content\/uploads\/2024\/08\/IMG_3770-4-768x1024.jpg 768w, https:\/\/maisondelamusiquemarsilly.fr\/wp-content\/uploads\/2024\/08\/IMG_3770-4-225x300.jpg 225w, https:\/\/maisondelamusiquemarsilly.fr\/wp-content\/uploads\/2024\/08\/IMG_3770-4-1152x1536.jpg 1152w, https:\/\/maisondelamusiquemarsilly.fr\/wp-content\/uploads\/2024\/08\/IMG_3770-4.jpg 1536w\" sizes=\"(max-width: 768px) 100vw, 768px\" \/><\/figure>\n<p><\/p>\n<p>Retrouvez toutes les informations sur la brochure de pr\u00e9sentation en cliquant sur le lien ci-apr\u00e8s:<\/p>\n<p><\/p>\n<p><\/p>\n<div class=\"wp-block-file\"><a href=\"https:\/\/maisondelamusiquemarsilly.fr\/wp-content\/uploads\/2024\/08\/Atelier-eveil-be\u0301be\u0301-1.pdf\">Atelier-eveil-be\u0301be\u0301-1<\/a><a class=\"wp-block-file__button wp-element-button\" href=\"https:\/\/maisondelamusiquemarsilly.fr\/wp-content\/uploads\/2024\/08\/Atelier-eveil-be\u0301be\u0301-1.pdf\" download=\"\">T\u00e9l\u00e9charger<\/a><\/div>\n<p><\/p>\n<h2 class=\"wp-block-heading\">Stage chant a Nieul-sur-Mer<\/h2>\n<p><\/p>\n<figure class=\"wp-block-image aligncenter size-large\"><img loading=\"lazy\" decoding=\"async\" width=\"410\" height=\"1024\" class=\"wp-image-977\" src=\"https:\/\/maisondelamusiquemarsilly.fr\/wp-content\/uploads\/2024\/08\/Stage-de-chant-Samedi-27-janvier-10h-a\u0300-18h-410x1024.jpg\" alt=\"\" srcset=\"https:\/\/maisondelamusiquemarsilly.fr\/wp-content\/uploads\/2024\/08\/Stage-de-chant-Samedi-27-janvier-10h-a\u0300-18h-410x1024.jpg 410w, https:\/\/maisondelamusiquemarsilly.fr\/wp-content\/uploads\/2024\/08\/Stage-de-chant-Samedi-27-janvier-10h-a\u0300-18h-120x300.jpg 120w, https:\/\/maisondelamusiquemarsilly.fr\/wp-content\/uploads\/2024\/08\/Stage-de-chant-Samedi-27-janvier-10h-a\u0300-18h-768x1920.jpg 768w, https:\/\/maisondelamusiquemarsilly.fr\/wp-content\/uploads\/2024\/08\/Stage-de-chant-Samedi-27-janvier-10h-a\u0300-18h.jpg 800w\" sizes=\"(max-width: 410px) 100vw, 410px\" \/><\/figure>\n<p><\/p>\n<figure class=\"wp-block-video aligncenter\"><video src=\"blob:https:\/\/maisondelamusiquemarsilly.fr\/ac4cb9af-bb9e-4892-8bb4-4198e8f685fe\" controls=\"controls\" width=\"300\" height=\"150\"><\/video><\/figure>\n<p><\/p>\n<figure class=\"wp-block-video aligncenter\"><video src=\"blob:https:\/\/maisondelamusiquemarsilly.fr\/b83a25d5-9309-40df-bea9-79e80ee10576\" controls=\"controls\" width=\"300\" height=\"150\"><\/video><\/figure>\n<p><\/p>\n<figure class=\"wp-block-video aligncenter\"><video src=\"blob:https:\/\/maisondelamusiquemarsilly.fr\/c9cf54e7-edf6-4551-8d78-423e7ed50614\" controls=\"controls\" width=\"300\" height=\"150\"><\/video><\/figure>\n<p><\/p>\n<h2 class=\"wp-block-heading\">No\u00ebl \u00e0 l&rsquo;\u00e9cole Jean de la Fontaine de Marsilly<\/h2>\n<p><\/p>\n<p>Pour finir l&rsquo;ann\u00e9e 2O23 en beaut\u00e9, Les musiciens b\u00e9n\u00e9voles de la Maison de la musique Marsilly-Nieul-sur-mer a offert aux enfants de l&rsquo;\u00e9cole maternelle Jean de la Fontaine de Marsilly, un concert Voyage au coeur de Disney, avec les musiciens b\u00e9n\u00e9voles de l&rsquo;association DESIDELA 17.<\/p>\n<p><\/p>\n<figure class=\"wp-block-image size-large\"><img loading=\"lazy\" decoding=\"async\" width=\"1024\" height=\"768\" class=\"wp-image-964\" src=\"https:\/\/maisondelamusiquemarsilly.fr\/wp-content\/uploads\/2024\/08\/IMG_3540-2-1024x768.jpg\" alt=\"\" srcset=\"https:\/\/maisondelamusiquemarsilly.fr\/wp-content\/uploads\/2024\/08\/IMG_3540-2-1024x768.jpg 1024w, https:\/\/maisondelamusiquemarsilly.fr\/wp-content\/uploads\/2024\/08\/IMG_3540-2-300x225.jpg 300w, https:\/\/maisondelamusiquemarsilly.fr\/wp-content\/uploads\/2024\/08\/IMG_3540-2-768x576.jpg 768w, https:\/\/maisondelamusiquemarsilly.fr\/wp-content\/uploads\/2024\/08\/IMG_3540-2-1536x1152.jpg 1536w, https:\/\/maisondelamusiquemarsilly.fr\/wp-content\/uploads\/2024\/08\/IMG_3540-2-440x330.jpg 440w, https:\/\/maisondelamusiquemarsilly.fr\/wp-content\/uploads\/2024\/08\/IMG_3540-2-730x547.jpg 730w, https:\/\/maisondelamusiquemarsilly.fr\/wp-content\/uploads\/2024\/08\/IMG_3540-2.jpg 2000w\" sizes=\"(max-width: 1024px) 100vw, 1024px\" \/><\/figure>\n<p><\/p>\n<p>Ce spectacle a donn\u00e9 naissance \u00e0 un projet exp\u00e9rimental d&rsquo;\u00e9veil musical en milieu scolaire. Consultez le projet en cliquant sur le lien ci-apr\u00e8s:<\/p>\n<p><\/p>\n<div class=\"wp-block-file\"><a href=\"https:\/\/maisondelamusiquemarsilly.fr\/wp-content\/uploads\/2024\/08\/Piccolino-voyage-musical-a\u0300-destination-des-e\u0301tablissements-scolaires.pdf\">Piccolino-voyage-musical-a\u0300-destination-des-e\u0301tablissements-scolaires<\/a><a class=\"wp-block-file__button wp-element-button\" href=\"https:\/\/maisondelamusiquemarsilly.fr\/wp-content\/uploads\/2024\/08\/Piccolino-voyage-musical-a\u0300-destination-des-e\u0301tablissements-scolaires.pdf\" download=\"\">T\u00e9l\u00e9charger<\/a><\/div>\n<p><\/p>\n<h2 class=\"wp-block-heading\">C&rsquo;est parti pour le T\u00e9l\u00e9thon 2023<\/h2>\n<p><\/p>\n<p>Comme tous les ans, la Maison de la musique Marsilly et La Mi Nieul musique soutiennent le T\u00e9l\u00e9thon avec un spectacle dont les b\u00e9n\u00e9fices seront enti\u00e8rement revers\u00e9s \u00e0 l&rsquo;AFM T\u00e9l\u00e9thon.<\/p>\n<p><\/p>\n<p>Cette ann\u00e9e, un spectacle en lien avec le th\u00e8me \u00a0\u00bb Muscle ton T\u00e9l\u00e9thon\u00a0\u00bb sera pr\u00e9sent\u00e9 le samedi 9 d\u00e9cembre \u00e0 20h \u00e0 l&rsquo;Espace Michel Cr\u00e9peau, salle Phare du Cordouan. Ce spectacle, \u00a0\u00bb Sportez la voix\u00a0\u00bb, alliant musique, humour s&rsquo;inscrit dans le cadre du T\u00e9l\u00e9thon Nieulais organis\u00e9 par l&rsquo;association VCN 17( V\u00e9lo Club Nieulais). Du samedi 9 au dimanche 10 d\u00e9cembre, sport et musique seront eu coeur de la manifestation.<\/p>\n<p><\/p>\n<p>Vous ne la saviez pas ? Chanter est une v\u00e9ritable activit\u00e9 physique ! En effet 300 muscles sont sollicit\u00e9s lors de la pratique vocale. Par le biais d&rsquo;une mise en sc\u00e8ne humoristique et interactive (et oui, le public sera partie prenante de cette aventure in\u00e9dite), toutes les facettes de la pratique du chant vous seront d\u00e9voil\u00e9es.<\/p>\n<p><\/p>\n<p>Nous vous attendons nombreux afin de soutenir la recherche pour les personnes atteintes de maladies g\u00e9n\u00e9tiques rares. Elles comptent sur vous!<\/p>\n<p><\/p>\n<p>Le concert sera film\u00e9 et retransmis en ligne sur les pages Facebook de la Maison de la musique Marsilly et La Mi Nieul musique.<\/p>\n<p><\/p>\n<figure class=\"wp-block-image aligncenter size-large\"><img loading=\"lazy\" decoding=\"async\" width=\"727\" height=\"1024\" class=\"wp-image-958\" src=\"https:\/\/maisondelamusiquemarsilly.fr\/wp-content\/uploads\/2023\/11\/Affiche-Te\u0301le\u0301thon-2023-727x1024.jpg\" alt=\"\" srcset=\"https:\/\/maisondelamusiquemarsilly.fr\/wp-content\/uploads\/2023\/11\/Affiche-Te\u0301le\u0301thon-2023-727x1024.jpg 727w, https:\/\/maisondelamusiquemarsilly.fr\/wp-content\/uploads\/2023\/11\/Affiche-Te\u0301le\u0301thon-2023-213x300.jpg 213w, https:\/\/maisondelamusiquemarsilly.fr\/wp-content\/uploads\/2023\/11\/Affiche-Te\u0301le\u0301thon-2023-768x1081.jpg 768w, https:\/\/maisondelamusiquemarsilly.fr\/wp-content\/uploads\/2023\/11\/Affiche-Te\u0301le\u0301thon-2023-1091x1536.jpg 1091w, https:\/\/maisondelamusiquemarsilly.fr\/wp-content\/uploads\/2023\/11\/Affiche-Te\u0301le\u0301thon-2023-1455x2048.jpg 1455w, https:\/\/maisondelamusiquemarsilly.fr\/wp-content\/uploads\/2023\/11\/Affiche-Te\u0301le\u0301thon-2023-scaled.jpg 1818w\" sizes=\"(max-width: 727px) 100vw, 727px\" \/><\/figure>\n<p><\/p>\n<figure class=\"wp-block-video aligncenter\"><video src=\"blob:https:\/\/maisondelamusiquemarsilly.fr\/916273bd-0682-44a4-a3ca-d1cd2e5e5011\" controls=\"controls\" width=\"300\" height=\"150\"><\/video><\/figure>\n<p><\/p>\n<h2 class=\"wp-block-heading\">Bient\u00f4t la rentr\u00e9e: retrouvez nous sur les forums des associations de Nieul-sur mer et de Marsilly<\/h2>\n<p><\/p>\n<figure class=\"wp-block-image size-large\"><img loading=\"lazy\" decoding=\"async\" width=\"608\" height=\"842\" class=\"wp-image-838\" src=\"http:\/\/maisondelamusiquemarsilly.fr\/wp-content\/uploads\/2023\/08\/Capture-de\u0301cran-2023-08-24-a\u0300-19.16.12-2.png\" alt=\"\" srcset=\"https:\/\/maisondelamusiquemarsilly.fr\/wp-content\/uploads\/2023\/08\/Capture-de\u0301cran-2023-08-24-a\u0300-19.16.12-2.png 608w, https:\/\/maisondelamusiquemarsilly.fr\/wp-content\/uploads\/2023\/08\/Capture-de\u0301cran-2023-08-24-a\u0300-19.16.12-2-217x300.png 217w\" sizes=\"(max-width: 608px) 100vw, 608px\" \/><\/figure>\n<p><\/p>\n<figure class=\"wp-block-image size-large\"><img loading=\"lazy\" decoding=\"async\" width=\"722\" height=\"1024\" class=\"wp-image-835\" src=\"http:\/\/maisondelamusiquemarsilly.fr\/wp-content\/uploads\/2023\/08\/Capture-de\u0301cran-2023-08-24-a\u0300-19.17.31-722x1024.png\" alt=\"\" srcset=\"https:\/\/maisondelamusiquemarsilly.fr\/wp-content\/uploads\/2023\/08\/Capture-de\u0301cran-2023-08-24-a\u0300-19.17.31-722x1024.png 722w, https:\/\/maisondelamusiquemarsilly.fr\/wp-content\/uploads\/2023\/08\/Capture-de\u0301cran-2023-08-24-a\u0300-19.17.31-212x300.png 212w, https:\/\/maisondelamusiquemarsilly.fr\/wp-content\/uploads\/2023\/08\/Capture-de\u0301cran-2023-08-24-a\u0300-19.17.31-768x1089.png 768w, https:\/\/maisondelamusiquemarsilly.fr\/wp-content\/uploads\/2023\/08\/Capture-de\u0301cran-2023-08-24-a\u0300-19.17.31.png 1048w\" sizes=\"(max-width: 722px) 100vw, 722px\" \/><\/figure>\n<p><\/p>\n<h2 class=\"wp-block-heading\">Les voix du coeur reviennent sur la sc\u00e8ne en hommage \u00e0 Fran\u00e7ois Schotte et chantent avec les \u00e9l\u00e8ves<\/h2>\n<p><\/p>\n<figure class=\"wp-block-image size-large\"><img loading=\"lazy\" decoding=\"async\" width=\"724\" height=\"1024\" class=\"wp-image-753\" src=\"http:\/\/maisondelamusiquemarsilly.fr\/wp-content\/uploads\/2023\/06\/Affiche-Encanaillages-2-724x1024.jpg\" alt=\"\" srcset=\"https:\/\/maisondelamusiquemarsilly.fr\/wp-content\/uploads\/2023\/06\/Affiche-Encanaillages-2-724x1024.jpg 724w, https:\/\/maisondelamusiquemarsilly.fr\/wp-content\/uploads\/2023\/06\/Affiche-Encanaillages-2-212x300.jpg 212w, https:\/\/maisondelamusiquemarsilly.fr\/wp-content\/uploads\/2023\/06\/Affiche-Encanaillages-2-768x1086.jpg 768w, https:\/\/maisondelamusiquemarsilly.fr\/wp-content\/uploads\/2023\/06\/Affiche-Encanaillages-2-1086x1536.jpg 1086w, https:\/\/maisondelamusiquemarsilly.fr\/wp-content\/uploads\/2023\/06\/Affiche-Encanaillages-2-1448x2048.jpg 1448w, https:\/\/maisondelamusiquemarsilly.fr\/wp-content\/uploads\/2023\/06\/Affiche-Encanaillages-2.jpg 1587w\" sizes=\"(max-width: 724px) 100vw, 724px\" \/><\/figure>\n<p><\/p>\n<p>Les Voix du c\u0153ur, collectif d&rsquo;artistes n\u00e9 en 2016, un an apr\u00e8s les attentats parisiens, sous l&rsquo;impulsion de Catherine Picard et de Fran\u00e7ois Schotte. Ils reviennent sur la sc\u00e8ne de Nieul, l\u00e0 o\u00f9 tout a commenc\u00e9, afin de rendre hommage \u00e0 Fran\u00e7ois Schotte, d\u00e9c\u00e9d\u00e9 l&rsquo;an dernier. Pour cette \u00e9dition sp\u00e9ciale, l&rsquo;ensemble des \u00e9l\u00e8ves de La Mi Nieul Musique et de la Maison de la musique de Marsilly, dirig\u00e9s par Catherine Picard, partageront la sc\u00e8ne avec des artistes bien connu du paysage rochelais pour un spectacle interg\u00e9n\u00e9rationnel. Encanaillages, fait \u00e9cho \u00e0 l&rsquo;univers \u00a0\u00bb Enfantillages\u00a0\u00bb de Guillaume Aldebert, qui a \u00e9t\u00e9 le fil rouge du projet p\u00e9dagogique des deux \u00e9coles. Les \u00e9l\u00e8ves ont pu non seulement interviewer l&rsquo;artistes mais \u00e9galement aller le voir sur la sc\u00e8ne de l&rsquo;Acclameur \u00e0 Niort en f\u00e9vrier dernier. C&rsquo;est l&rsquo;univers de l&rsquo;enfance, des r\u00eaves mais aussi des souvenirs de jeunesses de ces petites canailles devenues en seconde partie de spectacle de grandes canailles vont nous compter en chansons. Un spectacle in\u00e9dit, plein de surprises tant par la mise en sc\u00e8ne que par la diversit\u00e9 les chansons. Un beau m\u00e9lange de genres, tant sur sc\u00e8ne que dans le public, dans lequel tout public trouvera sa Madeleine de Proust.<\/p>\n<p><\/p>\n<figure class=\"wp-block-image size-large\"><img loading=\"lazy\" decoding=\"async\" width=\"1024\" height=\"681\" class=\"wp-image-763\" src=\"http:\/\/maisondelamusiquemarsilly.fr\/wp-content\/uploads\/2023\/06\/DSC_7867-1024x681.jpg\" alt=\"\" srcset=\"https:\/\/maisondelamusiquemarsilly.fr\/wp-content\/uploads\/2023\/06\/DSC_7867-1024x681.jpg 1024w, https:\/\/maisondelamusiquemarsilly.fr\/wp-content\/uploads\/2023\/06\/DSC_7867-300x200.jpg 300w, https:\/\/maisondelamusiquemarsilly.fr\/wp-content\/uploads\/2023\/06\/DSC_7867-768x511.jpg 768w, https:\/\/maisondelamusiquemarsilly.fr\/wp-content\/uploads\/2023\/06\/DSC_7867-1536x1022.jpg 1536w, https:\/\/maisondelamusiquemarsilly.fr\/wp-content\/uploads\/2023\/06\/DSC_7867-2048x1363.jpg 2048w\" sizes=\"(max-width: 1024px) 100vw, 1024px\" \/><\/figure>\n<p><\/p>\n<figure class=\"wp-block-image size-large\"><img loading=\"lazy\" decoding=\"async\" width=\"1024\" height=\"768\" class=\"wp-image-760\" src=\"http:\/\/maisondelamusiquemarsilly.fr\/wp-content\/uploads\/2023\/06\/Atelier-a-chacun-sa-voix-1024x768.jpg\" alt=\"\" srcset=\"https:\/\/maisondelamusiquemarsilly.fr\/wp-content\/uploads\/2023\/06\/Atelier-a-chacun-sa-voix-1024x768.jpg 1024w, https:\/\/maisondelamusiquemarsilly.fr\/wp-content\/uploads\/2023\/06\/Atelier-a-chacun-sa-voix-300x225.jpg 300w, https:\/\/maisondelamusiquemarsilly.fr\/wp-content\/uploads\/2023\/06\/Atelier-a-chacun-sa-voix-768x576.jpg 768w, https:\/\/maisondelamusiquemarsilly.fr\/wp-content\/uploads\/2023\/06\/Atelier-a-chacun-sa-voix-1536x1152.jpg 1536w, https:\/\/maisondelamusiquemarsilly.fr\/wp-content\/uploads\/2023\/06\/Atelier-a-chacun-sa-voix-2048x1536.jpg 2048w, https:\/\/maisondelamusiquemarsilly.fr\/wp-content\/uploads\/2023\/06\/Atelier-a-chacun-sa-voix-440x330.jpg 440w, https:\/\/maisondelamusiquemarsilly.fr\/wp-content\/uploads\/2023\/06\/Atelier-a-chacun-sa-voix-730x547.jpg 730w\" sizes=\"(max-width: 1024px) 100vw, 1024px\" \/>\n<p>\u00a0<\/p>\n<figcaption class=\"wp-element-caption\">Les \u00e9l\u00e8ves de l&rsquo;atelier A chacun sa voix et quelques pianistes se pr\u00e9parent \u00e0 partager la sc\u00e8ne avec les artistes des Voix du coeur<\/figcaption>\n<\/figure>\n<p><\/p>\n<p>Retrouvez ici la brochure de pr\u00e9sentation du spectacle Encanaillages: <a href=\"https:\/\/www.calameo.com\/read\/005560815e9d186eba3a2\">https:\/\/www.calameo.com\/read\/005560815e9d186eba3a2<\/a><\/p>\n<p><\/p>\n<p>Pour tous renseignements sur cette manifestation nous contacter au 06-61-89-71-40<\/p>\n<p><\/p>\n<p>Retrouvez l&rsquo;int\u00e9gralit\u00e9 du concert sur les pages Facebook de La Maison de la musique Marsilly et La Mi Nieul Musique.<\/p>\n<p><\/p>\n<figure class=\"wp-block-image size-large\"><img loading=\"lazy\" decoding=\"async\" width=\"1024\" height=\"683\" class=\"wp-image-832\" src=\"http:\/\/maisondelamusiquemarsilly.fr\/wp-content\/uploads\/2023\/08\/DSC_6756-HDTV-1080-1024x683.jpg\" alt=\"\" srcset=\"https:\/\/maisondelamusiquemarsilly.fr\/wp-content\/uploads\/2023\/08\/DSC_6756-HDTV-1080-1024x683.jpg 1024w, https:\/\/maisondelamusiquemarsilly.fr\/wp-content\/uploads\/2023\/08\/DSC_6756-HDTV-1080-300x200.jpg 300w, https:\/\/maisondelamusiquemarsilly.fr\/wp-content\/uploads\/2023\/08\/DSC_6756-HDTV-1080-768x512.jpg 768w, https:\/\/maisondelamusiquemarsilly.fr\/wp-content\/uploads\/2023\/08\/DSC_6756-HDTV-1080-1536x1024.jpg 1536w, https:\/\/maisondelamusiquemarsilly.fr\/wp-content\/uploads\/2023\/08\/DSC_6756-HDTV-1080-960x640.jpg 960w, https:\/\/maisondelamusiquemarsilly.fr\/wp-content\/uploads\/2023\/08\/DSC_6756-HDTV-1080.jpg 1620w\" sizes=\"(max-width: 1024px) 100vw, 1024px\" \/><\/figure>\n<p><\/p>\n<figure class=\"wp-block-image size-large\"><img decoding=\"async\" src=\"blob:http:\/\/maisondelamusiquemarsilly.fr\/f3afbba6-a259-4144-8141-0c7eca0ab442\" alt=\"\" \/><\/figure>\n<p><\/p>\n<h2 class=\"wp-block-heading\">Les \u00e9l\u00e8ves font la f\u00eate de la musique au bistrot l&rsquo;Olivier de Lagord<\/h2>\n<p><\/p>\n<figure class=\"wp-block-image size-large\"><img loading=\"lazy\" decoding=\"async\" width=\"724\" height=\"1024\" class=\"wp-image-749\" src=\"http:\/\/maisondelamusiquemarsilly.fr\/wp-content\/uploads\/2023\/06\/Affiche-fe\u0302te-de-la-musique-2023-724x1024.jpg\" alt=\"\" srcset=\"https:\/\/maisondelamusiquemarsilly.fr\/wp-content\/uploads\/2023\/06\/Affiche-fe\u0302te-de-la-musique-2023-724x1024.jpg 724w, https:\/\/maisondelamusiquemarsilly.fr\/wp-content\/uploads\/2023\/06\/Affiche-fe\u0302te-de-la-musique-2023-212x300.jpg 212w, https:\/\/maisondelamusiquemarsilly.fr\/wp-content\/uploads\/2023\/06\/Affiche-fe\u0302te-de-la-musique-2023-768x1086.jpg 768w, https:\/\/maisondelamusiquemarsilly.fr\/wp-content\/uploads\/2023\/06\/Affiche-fe\u0302te-de-la-musique-2023-1086x1536.jpg 1086w, https:\/\/maisondelamusiquemarsilly.fr\/wp-content\/uploads\/2023\/06\/Affiche-fe\u0302te-de-la-musique-2023.jpg 1414w\" sizes=\"(max-width: 724px) 100vw, 724px\" \/><\/figure>\n<p><\/p>\n<figure class=\"wp-block-image size-large\"><img loading=\"lazy\" decoding=\"async\" width=\"1024\" height=\"461\" class=\"wp-image-750\" src=\"http:\/\/maisondelamusiquemarsilly.fr\/wp-content\/uploads\/2023\/06\/Fete-musique-1-1024x461.jpeg\" alt=\"\" srcset=\"https:\/\/maisondelamusiquemarsilly.fr\/wp-content\/uploads\/2023\/06\/Fete-musique-1-1024x461.jpeg 1024w, https:\/\/maisondelamusiquemarsilly.fr\/wp-content\/uploads\/2023\/06\/Fete-musique-1-300x135.jpeg 300w, https:\/\/maisondelamusiquemarsilly.fr\/wp-content\/uploads\/2023\/06\/Fete-musique-1-768x346.jpeg 768w, https:\/\/maisondelamusiquemarsilly.fr\/wp-content\/uploads\/2023\/06\/Fete-musique-1-1536x692.jpeg 1536w, https:\/\/maisondelamusiquemarsilly.fr\/wp-content\/uploads\/2023\/06\/Fete-musique-1-2048x922.jpeg 2048w\" sizes=\"(max-width: 1024px) 100vw, 1024px\" \/><\/figure>\n<p><\/p>\n<figure class=\"wp-block-image size-large\"><img loading=\"lazy\" decoding=\"async\" width=\"1024\" height=\"461\" class=\"wp-image-751\" src=\"http:\/\/maisondelamusiquemarsilly.fr\/wp-content\/uploads\/2023\/06\/Fe\u0302te-musique-2-1024x461.jpeg\" alt=\"\" srcset=\"https:\/\/maisondelamusiquemarsilly.fr\/wp-content\/uploads\/2023\/06\/Fe\u0302te-musique-2-1024x461.jpeg 1024w, https:\/\/maisondelamusiquemarsilly.fr\/wp-content\/uploads\/2023\/06\/Fe\u0302te-musique-2-300x135.jpeg 300w, https:\/\/maisondelamusiquemarsilly.fr\/wp-content\/uploads\/2023\/06\/Fe\u0302te-musique-2-768x346.jpeg 768w, https:\/\/maisondelamusiquemarsilly.fr\/wp-content\/uploads\/2023\/06\/Fe\u0302te-musique-2-1536x692.jpeg 1536w, https:\/\/maisondelamusiquemarsilly.fr\/wp-content\/uploads\/2023\/06\/Fe\u0302te-musique-2-2048x922.jpeg 2048w\" sizes=\"(max-width: 1024px) 100vw, 1024px\" \/><\/figure>\n<p><\/p>\n<figure class=\"wp-block-image size-large\"><img loading=\"lazy\" decoding=\"async\" width=\"1024\" height=\"461\" class=\"wp-image-752\" src=\"http:\/\/maisondelamusiquemarsilly.fr\/wp-content\/uploads\/2023\/06\/Fe\u0302te-musique-3-1024x461.jpeg\" alt=\"\" srcset=\"https:\/\/maisondelamusiquemarsilly.fr\/wp-content\/uploads\/2023\/06\/Fe\u0302te-musique-3-1024x461.jpeg 1024w, https:\/\/maisondelamusiquemarsilly.fr\/wp-content\/uploads\/2023\/06\/Fe\u0302te-musique-3-300x135.jpeg 300w, https:\/\/maisondelamusiquemarsilly.fr\/wp-content\/uploads\/2023\/06\/Fe\u0302te-musique-3-768x346.jpeg 768w, https:\/\/maisondelamusiquemarsilly.fr\/wp-content\/uploads\/2023\/06\/Fe\u0302te-musique-3-1536x692.jpeg 1536w, https:\/\/maisondelamusiquemarsilly.fr\/wp-content\/uploads\/2023\/06\/Fe\u0302te-musique-3-2048x922.jpeg 2048w\" sizes=\"(max-width: 1024px) 100vw, 1024px\" \/><\/figure>\n<p><\/p>\n<h2 class=\"wp-block-heading\">Les \u00e9l\u00e8ves participent au concours de jeunes talents<\/h2>\n<p><\/p>\n<figure class=\"wp-block-image size-large\"><img loading=\"lazy\" decoding=\"async\" width=\"1024\" height=\"1024\" class=\"wp-image-745\" src=\"http:\/\/maisondelamusiquemarsilly.fr\/wp-content\/uploads\/2023\/06\/Affiche-concours-de-jeunes-talents-1024x1024.jpeg\" alt=\"\" srcset=\"https:\/\/maisondelamusiquemarsilly.fr\/wp-content\/uploads\/2023\/06\/Affiche-concours-de-jeunes-talents-1024x1024.jpeg 1024w, https:\/\/maisondelamusiquemarsilly.fr\/wp-content\/uploads\/2023\/06\/Affiche-concours-de-jeunes-talents-300x300.jpeg 300w, https:\/\/maisondelamusiquemarsilly.fr\/wp-content\/uploads\/2023\/06\/Affiche-concours-de-jeunes-talents-150x150.jpeg 150w, https:\/\/maisondelamusiquemarsilly.fr\/wp-content\/uploads\/2023\/06\/Affiche-concours-de-jeunes-talents-768x768.jpeg 768w, https:\/\/maisondelamusiquemarsilly.fr\/wp-content\/uploads\/2023\/06\/Affiche-concours-de-jeunes-talents-640x640.jpeg 640w, https:\/\/maisondelamusiquemarsilly.fr\/wp-content\/uploads\/2023\/06\/Affiche-concours-de-jeunes-talents-240x240.jpeg 240w, https:\/\/maisondelamusiquemarsilly.fr\/wp-content\/uploads\/2023\/06\/Affiche-concours-de-jeunes-talents-110x110.jpeg 110w, https:\/\/maisondelamusiquemarsilly.fr\/wp-content\/uploads\/2023\/06\/Affiche-concours-de-jeunes-talents.jpeg 1061w\" sizes=\"(max-width: 1024px) 100vw, 1024px\" \/><\/figure>\n<p><\/p>\n<figure class=\"wp-block-image size-large\"><img loading=\"lazy\" decoding=\"async\" width=\"1024\" height=\"768\" class=\"wp-image-746\" src=\"http:\/\/maisondelamusiquemarsilly.fr\/wp-content\/uploads\/2023\/06\/Concours-de-jeunes-talents-1024x768.jpeg\" alt=\"\" srcset=\"https:\/\/maisondelamusiquemarsilly.fr\/wp-content\/uploads\/2023\/06\/Concours-de-jeunes-talents-1024x768.jpeg 1024w, https:\/\/maisondelamusiquemarsilly.fr\/wp-content\/uploads\/2023\/06\/Concours-de-jeunes-talents-300x225.jpeg 300w, https:\/\/maisondelamusiquemarsilly.fr\/wp-content\/uploads\/2023\/06\/Concours-de-jeunes-talents-768x576.jpeg 768w, https:\/\/maisondelamusiquemarsilly.fr\/wp-content\/uploads\/2023\/06\/Concours-de-jeunes-talents-1536x1152.jpeg 1536w, https:\/\/maisondelamusiquemarsilly.fr\/wp-content\/uploads\/2023\/06\/Concours-de-jeunes-talents-440x330.jpeg 440w, https:\/\/maisondelamusiquemarsilly.fr\/wp-content\/uploads\/2023\/06\/Concours-de-jeunes-talents-730x547.jpeg 730w, https:\/\/maisondelamusiquemarsilly.fr\/wp-content\/uploads\/2023\/06\/Concours-de-jeunes-talents.jpeg 2048w\" sizes=\"(max-width: 1024px) 100vw, 1024px\" \/><\/figure>\n<p><\/p>\n<figure class=\"wp-block-image size-large\"><img loading=\"lazy\" decoding=\"async\" width=\"768\" height=\"1024\" class=\"wp-image-747\" src=\"http:\/\/maisondelamusiquemarsilly.fr\/wp-content\/uploads\/2023\/06\/olivia-768x1024.jpeg\" alt=\"\" srcset=\"https:\/\/maisondelamusiquemarsilly.fr\/wp-content\/uploads\/2023\/06\/olivia-768x1024.jpeg 768w, https:\/\/maisondelamusiquemarsilly.fr\/wp-content\/uploads\/2023\/06\/olivia-225x300.jpeg 225w, https:\/\/maisondelamusiquemarsilly.fr\/wp-content\/uploads\/2023\/06\/olivia-1152x1536.jpeg 1152w, https:\/\/maisondelamusiquemarsilly.fr\/wp-content\/uploads\/2023\/06\/olivia.jpeg 1536w\" sizes=\"(max-width: 768px) 100vw, 768px\" \/>\n<p>\u00a0<\/p>\n<figcaption class=\"wp-element-caption\">Olivia gagne le premier prix de la cat\u00e9gorie chanteur. Bravo \u00e0 notre jeune talent nieulaise!<\/figcaption>\n<\/figure>\n<p><\/p>\n<h2 class=\"wp-block-heading\">Les \u00e9l\u00e8ves font le show sur le festival Jazz in Marsilly<\/h2>\n<p><\/p>\n<figure class=\"wp-block-image size-large\"><img loading=\"lazy\" decoding=\"async\" width=\"724\" height=\"1024\" class=\"wp-image-742\" src=\"http:\/\/maisondelamusiquemarsilly.fr\/wp-content\/uploads\/2023\/06\/Affiche-Jazz-in-Marsilly-724x1024.jpg\" alt=\"\" srcset=\"https:\/\/maisondelamusiquemarsilly.fr\/wp-content\/uploads\/2023\/06\/Affiche-Jazz-in-Marsilly-724x1024.jpg 724w, https:\/\/maisondelamusiquemarsilly.fr\/wp-content\/uploads\/2023\/06\/Affiche-Jazz-in-Marsilly-212x300.jpg 212w, https:\/\/maisondelamusiquemarsilly.fr\/wp-content\/uploads\/2023\/06\/Affiche-Jazz-in-Marsilly-768x1086.jpg 768w, https:\/\/maisondelamusiquemarsilly.fr\/wp-content\/uploads\/2023\/06\/Affiche-Jazz-in-Marsilly-1086x1536.jpg 1086w, https:\/\/maisondelamusiquemarsilly.fr\/wp-content\/uploads\/2023\/06\/Affiche-Jazz-in-Marsilly-1448x2048.jpg 1448w, https:\/\/maisondelamusiquemarsilly.fr\/wp-content\/uploads\/2023\/06\/Affiche-Jazz-in-Marsilly.jpg 1587w\" sizes=\"(max-width: 724px) 100vw, 724px\" \/><\/figure>\n<p><\/p>\n<figure class=\"wp-block-image size-large\"><img loading=\"lazy\" decoding=\"async\" width=\"1024\" height=\"551\" class=\"wp-image-743\" src=\"http:\/\/maisondelamusiquemarsilly.fr\/wp-content\/uploads\/2023\/06\/Jazz-in-Marsilly-1024x551.jpg\" alt=\"\" srcset=\"https:\/\/maisondelamusiquemarsilly.fr\/wp-content\/uploads\/2023\/06\/Jazz-in-Marsilly-1024x551.jpg 1024w, https:\/\/maisondelamusiquemarsilly.fr\/wp-content\/uploads\/2023\/06\/Jazz-in-Marsilly-300x161.jpg 300w, https:\/\/maisondelamusiquemarsilly.fr\/wp-content\/uploads\/2023\/06\/Jazz-in-Marsilly-768x413.jpg 768w, https:\/\/maisondelamusiquemarsilly.fr\/wp-content\/uploads\/2023\/06\/Jazz-in-Marsilly.jpg 1096w\" sizes=\"(max-width: 1024px) 100vw, 1024px\" \/><\/figure>\n<p><\/p>\n<h2 class=\"wp-block-heading\">Captation du choeur virtuel pour le projet des enfants de la Zique des Francofolies<\/h2>\n<p><\/p>\n<p>Notre projet de candidature pour le choeur virtuel ayant \u00e9t\u00e9 retenu pour cette ann\u00e9e, l&rsquo;heure \u00e9tait venu de rendre notre copie \u00e0 l&rsquo;\u00e9quipe de direction du projet pour le gros montage final avec toutes les \u00e9coles de France et de Navarre. Captation vid\u00e9o r\u00e9alis\u00e9e par Pierre Ledroumaguet (APC 17).<\/p>\n<p><\/p>\n<figure class=\"wp-block-image size-large\"><img loading=\"lazy\" decoding=\"async\" width=\"1024\" height=\"768\" class=\"wp-image-741\" src=\"http:\/\/maisondelamusiquemarsilly.fr\/wp-content\/uploads\/2023\/06\/Choeur-virtuel-1024x768.jpg\" alt=\"\" srcset=\"https:\/\/maisondelamusiquemarsilly.fr\/wp-content\/uploads\/2023\/06\/Choeur-virtuel-1024x768.jpg 1024w, https:\/\/maisondelamusiquemarsilly.fr\/wp-content\/uploads\/2023\/06\/Choeur-virtuel-300x225.jpg 300w, https:\/\/maisondelamusiquemarsilly.fr\/wp-content\/uploads\/2023\/06\/Choeur-virtuel-768x576.jpg 768w, https:\/\/maisondelamusiquemarsilly.fr\/wp-content\/uploads\/2023\/06\/Choeur-virtuel-1536x1152.jpg 1536w, https:\/\/maisondelamusiquemarsilly.fr\/wp-content\/uploads\/2023\/06\/Choeur-virtuel-2048x1536.jpg 2048w, https:\/\/maisondelamusiquemarsilly.fr\/wp-content\/uploads\/2023\/06\/Choeur-virtuel-440x330.jpg 440w, https:\/\/maisondelamusiquemarsilly.fr\/wp-content\/uploads\/2023\/06\/Choeur-virtuel-730x547.jpg 730w\" sizes=\"(max-width: 1024px) 100vw, 1024px\" \/>\n<p>\u00a0<\/p>\n<figcaption class=\"wp-element-caption\">Retrouvez les vid\u00e9os sur notre page Facebook Maison de la musique Marsilly et la Mi Nieul. Musique<\/figcaption>\n<\/figure>\n<p><\/p>\n<h2 class=\"wp-block-heading\">Sortie spectacle Aldebert Niort<\/h2>\n<p><\/p>\n<p>\u200c<br \/>La Maison de la musique Marsilly et La Mi Nieul musique ont \u00e9t\u00e9 s\u00e9lectionn\u00e9 cette ann\u00e9e pour participer au choeur\u00a0virtuel des Enfants de la Zique organis\u00e9 par les Francofolies. C&rsquo;est avec grand plaisir que nos \u00e9l\u00e8ves chanteurs vont s&rsquo;associer \u00e0 3 classes de l&rsquo;\u00e9cole Jean Ferrat pour le gros projet\u00a0 autour du chanteur\u00a0Ga\u00ebl Faye. Le chanteur, auteur compositeur Aldebert, bien connu pour ces spectacles haut\u00a0en couleurs \u00e0 destination du jeune public mais \u00e9galement de leurs parents, \u00e9tait l&rsquo;auteur retenu pour le projet des enfants de la Zique l&rsquo;ann\u00e9e derni\u00e8re, auquel nous n&rsquo;avons pas particip\u00e9. Cependant, nous avons cr\u00e9\u00e9 un projet p\u00e9dagogique autour d&rsquo;Aldebert avec la cr\u00e9ation d&rsquo;un\u00a0spectacle interg\u00e9n\u00e9rationnel pour la fin de l&rsquo;ann\u00e9e, que nous avons d\u00e9j\u00e0 d\u00e9but\u00e9 avec le T\u00e9l\u00e9thon en d\u00e9cembre dernier, autour des chansons d&rsquo;Aldebert. Il se trouve que ce dernier se produit \u00e0 Niort, salle l&rsquo;Acclameur, le dimanche 12 f\u00e9vrier prochain \u00e0 14h30. Nous avons n\u00e9goci\u00e9 avec la production de\u00a0pouvoir d&rsquo;une part r\u00e9aliser une interview de l&rsquo;artiste par les \u00e9l\u00e8ves participant au projet de choeur virtuel mais \u00e9galement de b\u00e9n\u00e9ficier de places \u00e0 tarif r\u00e9duit pour permettre aux enfants d&rsquo;assister au concert. Nous vous proposons \u00e9galement de pouvoir, avec votre autorisation, accompagner vos enfants si vous ne pouvez pas \u00eatre pr\u00e9sents \u00e0 leurs c\u00f4t\u00e9s, en fonction des places disponibles dans les voitures. Nous sommes \u00e9galement \u00e0 la recherche de parents volontaires pour transporter 3 \u00e0 4 enfants et l&rsquo;association s&rsquo;engage, pour ces derniers, \u00e0 leur offrir leur place d&rsquo;accompagnant.\u00a0<br \/>Je vous invite donc tr\u00e8s vite \u00e0 me contacter par email ou par t\u00e9l\u00e9phone au 06-61-89-71-40\u00a0 afin que je puisse \u00e9tablir une liste de tous les \u00e9l\u00e8ves souhaitant participer \u00e0 cette sortie, ainsi que des parents et nombre de places dans les v\u00e9hicules susceptibles de pouvoir les accompagner. Il me faudrait une r\u00e9ponse rapide afin que je puisse faire passer cette liste \u00e0 la production afin que quand vous puissiez r\u00e9server les places en pr\u00e9cisant bien que vous relevez du groupe Maison de la Musique Marsilly afin que nous puissions \u00eatre tous rassembl\u00e9s dans la salle et que vous puissiez b\u00e9n\u00e9ficier de la r\u00e9duction.<br \/>Merci de l&rsquo;int\u00e9r\u00eat que vous saurez porter \u00e0 ce projet, m\u00eame si je suis consciente qu&rsquo;il tombe en plein milieu des vacances scolaires!\u00a0<\/p>\n<p><\/p>\n<figure class=\"wp-block-image size-large\"><img decoding=\"async\" src=\"blob:http:\/\/maisondelamusiquemarsilly.fr\/0fd8dd35-33da-4d9a-b0d3-ced50655e4fa\" alt=\"\" \/><\/figure>\n<p><\/p>\n<figure class=\"wp-block-image size-large\"><img loading=\"lazy\" decoding=\"async\" width=\"1024\" height=\"530\" class=\"wp-image-731\" src=\"http:\/\/maisondelamusiquemarsilly.fr\/wp-content\/uploads\/2023\/01\/Concert-Aldebert-2-1024x530.png\" alt=\"\" srcset=\"https:\/\/maisondelamusiquemarsilly.fr\/wp-content\/uploads\/2023\/01\/Concert-Aldebert-2-1024x530.png 1024w, https:\/\/maisondelamusiquemarsilly.fr\/wp-content\/uploads\/2023\/01\/Concert-Aldebert-2-300x155.png 300w, https:\/\/maisondelamusiquemarsilly.fr\/wp-content\/uploads\/2023\/01\/Concert-Aldebert-2-768x397.png 768w, https:\/\/maisondelamusiquemarsilly.fr\/wp-content\/uploads\/2023\/01\/Concert-Aldebert-2-1536x794.png 1536w, https:\/\/maisondelamusiquemarsilly.fr\/wp-content\/uploads\/2023\/01\/Concert-Aldebert-2.png 1976w\" sizes=\"(max-width: 1024px) 100vw, 1024px\" \/><\/figure>\n<p><\/p>\n<h2 class=\"wp-block-heading\">Les petits chanteurs et les classes de CP-CM2 de l&rsquo;\u00e9cole Jean Ferrat de Marsilly interview Aldebert<\/h2>\n<p><\/p>\n<p>Le 30 janvier dernier \u00e0 15h, les petits chanteurs de Nieul-sur-mer rejoignent leurs camarades des classes de CP- CE1 et de CM2 de l&rsquo;\u00e9cole primaire Jean Ferrat de Marsilly pour rencontrer et interviewer leur idole en visio. En effet, Suite au stage PREAC organis\u00e9 par les Francofolies de La Rochelle, deux projets se sont t\u00e9l\u00e9scop\u00e9s. D&rsquo;une part la venue sur Niort en f\u00e9vrier du chanteur idole des plus petits mais aussi des plus grands , Guillaume Aldebert, \u00e0 l&rsquo;Acclameur de Niort et d&rsquo;autre part la participation au grand choeur virtuel organis\u00e9 par les Francofolies de La Rochelle dans le cadre des Enfants de la Zique autour d&rsquo;une chanson de Ga\u00ebl Faye, artiste retenue pour le projet cette ann\u00e9e. Mais Guilaume Aldebert avait d\u00e9j\u00e0 \u00e9t\u00e9 l&rsquo;\u00e9lu de ce projet en 2021. L&rsquo;univers Enfantillages nous a donn\u00e9 l&rsquo;id\u00e9e de lancer un projet p\u00e9dagogique autour du chanteur. La premi\u00e8re \u00e9tape : une interview en visio depuis la classe de Leslie Taraud accompagn\u00e9 par deux de ses coll\u00e8gues. Seconde \u00e9tape: Emmener les enfants et leurs familles voir le concert et troisi\u00e8me \u00e9tape, cr\u00e9er un spectacle autour de la th\u00e9matique enfantillages.<\/p>\n<p><\/p>\n<figure class=\"wp-block-image size-large\"><img loading=\"lazy\" decoding=\"async\" width=\"1024\" height=\"768\" class=\"wp-image-738\" src=\"http:\/\/maisondelamusiquemarsilly.fr\/wp-content\/uploads\/2023\/06\/P1300831-1024x768.jpg\" alt=\"\" srcset=\"https:\/\/maisondelamusiquemarsilly.fr\/wp-content\/uploads\/2023\/06\/P1300831-1024x768.jpg 1024w, https:\/\/maisondelamusiquemarsilly.fr\/wp-content\/uploads\/2023\/06\/P1300831-300x225.jpg 300w, https:\/\/maisondelamusiquemarsilly.fr\/wp-content\/uploads\/2023\/06\/P1300831-768x576.jpg 768w, https:\/\/maisondelamusiquemarsilly.fr\/wp-content\/uploads\/2023\/06\/P1300831-1536x1152.jpg 1536w, https:\/\/maisondelamusiquemarsilly.fr\/wp-content\/uploads\/2023\/06\/P1300831-2048x1536.jpg 2048w, https:\/\/maisondelamusiquemarsilly.fr\/wp-content\/uploads\/2023\/06\/P1300831-440x330.jpg 440w, https:\/\/maisondelamusiquemarsilly.fr\/wp-content\/uploads\/2023\/06\/P1300831-730x547.jpg 730w\" sizes=\"(max-width: 1024px) 100vw, 1024px\" \/>\n<p>\u00a0<\/p>\n<figcaption class=\"wp-element-caption\">OLYMPUS DIGITAL CAMERA<\/figcaption>\n<\/figure>\n<p><\/p>\n<figure class=\"wp-block-image size-large\"><img loading=\"lazy\" decoding=\"async\" width=\"683\" height=\"1024\" class=\"wp-image-737\" src=\"http:\/\/maisondelamusiquemarsilly.fr\/wp-content\/uploads\/2023\/06\/Interview-Aldebert-Hebdo-1-683x1024.jpeg\" alt=\"\" srcset=\"https:\/\/maisondelamusiquemarsilly.fr\/wp-content\/uploads\/2023\/06\/Interview-Aldebert-Hebdo-1-683x1024.jpeg 683w, https:\/\/maisondelamusiquemarsilly.fr\/wp-content\/uploads\/2023\/06\/Interview-Aldebert-Hebdo-1-200x300.jpeg 200w, https:\/\/maisondelamusiquemarsilly.fr\/wp-content\/uploads\/2023\/06\/Interview-Aldebert-Hebdo-1-768x1152.jpeg 768w, https:\/\/maisondelamusiquemarsilly.fr\/wp-content\/uploads\/2023\/06\/Interview-Aldebert-Hebdo-1-1024x1536.jpeg 1024w, https:\/\/maisondelamusiquemarsilly.fr\/wp-content\/uploads\/2023\/06\/Interview-Aldebert-Hebdo-1.jpeg 1058w\" sizes=\"(max-width: 683px) 100vw, 683px\" \/>\n<p>\u00a0<\/p>\n<figcaption class=\"wp-element-caption\">Retrouvez la vid\u00e9o de l&rsquo;interview int\u00e9grale sur la page Facebook de La Maison de la musique Marsilly et La Mi Nieul Musique<\/figcaption>\n<\/figure>\n<p><\/p>\n<h2 class=\"wp-block-heading\">PREAC: La maison de la musique Marsilly et la mi nieul musique en choeur avec les francofolies de la rochelle<\/h2>\n<p><\/p>\n<p>Le stage national annuel du\u00a0<strong>P\u00f4le de Ressources pour l\u2019\u00c9ducation Artistique et Culturelle<\/strong>\u00a0(PREAC) Chanson francophone et musiques actuelles, organis\u00e9 par les Francofolies, s\u2019est d\u00e9roul\u00e9 les\u00a0<strong>23, 24, 25 novembre dernier<\/strong>. Nous avons \u00e9t\u00e9 nombreux \u00e0 y participer\u00a0: professeurs des \u00e9coles, de coll\u00e8ge, de lyc\u00e9e, professionnels de la culture\u2026 aux c\u00f4t\u00e9s des artistes et intervenants. A l&rsquo;occasion du temps fort de ce PREAC, de nouvelles ressources ont \u00e9t\u00e9 cr\u00e9\u00e9es, avec le soutien de notre partenaire la\u00a0<strong>SACEM<\/strong>.\u00a0J&rsquo;ai eu, en qualit\u00e9 de pr\u00e9sidente, le grand plaisir d&rsquo;\u00eatre s\u00e9lectionn\u00e9e pour participer \u00e0 ce stage et l&rsquo;occasion de rencontrer <strong>Guillaume Poncelet<\/strong>, le cor\u00e9alisateur des albums de\u00a0<strong>Ga\u00ebl Faye<\/strong>\u00a0depuis 2013, auteur retenu par les Francofolies de La Rochelle pour le projet de choeur virtuel des enfants de la Zique.<\/p>\n<p><\/p>\n<figure class=\"wp-block-image size-large\"><img loading=\"lazy\" decoding=\"async\" width=\"1024\" height=\"403\" class=\"wp-image-720\" src=\"http:\/\/maisondelamusiquemarsilly.fr\/wp-content\/uploads\/2023\/01\/IMG_5696-1024x403.jpeg\" alt=\"\" srcset=\"https:\/\/maisondelamusiquemarsilly.fr\/wp-content\/uploads\/2023\/01\/IMG_5696-1024x403.jpeg 1024w, https:\/\/maisondelamusiquemarsilly.fr\/wp-content\/uploads\/2023\/01\/IMG_5696-300x118.jpeg 300w, https:\/\/maisondelamusiquemarsilly.fr\/wp-content\/uploads\/2023\/01\/IMG_5696-768x302.jpeg 768w, https:\/\/maisondelamusiquemarsilly.fr\/wp-content\/uploads\/2023\/01\/IMG_5696-1536x604.jpeg 1536w, https:\/\/maisondelamusiquemarsilly.fr\/wp-content\/uploads\/2023\/01\/IMG_5696.jpeg 1920w\" sizes=\"(max-width: 1024px) 100vw, 1024px\" \/><\/figure>\n<p><\/p>\n<p>C&rsquo;est ainsi que la Maison de la musique Marsilly et La Mi Nieul Musique ont \u00e9t\u00e9 s\u00e9lectionn\u00e9 pour participer \u00e0 ce projet de choeur virtuel port\u00e9 par les Francofolies de La Rochelle. Les enfants chanteurs de la Maison de la musique de Marsilly et de la Mi Nieul Musique s&rsquo;associeront \u00e0 80 \u00e9l\u00e8ves de l&rsquo;\u00e9cole primaire Jean Ferrat de Marsilly (CP- CP\/CE1 et CM2), coordonn\u00e9s par Leslie Taraud, institutrice mais \u00e9galement chanteuse de l&rsquo;atelier \u00a0\u00bb A chacun sa voix\u00a0\u00bb de la Maison de la musique de Marsilly, pour chanter ensemble la chanson Histoire d&rsquo;amour de Ga\u00ebl Faye et rejoindre le grand choeur virtuel national.<\/p>\n<p><\/p>\n<p>Petit message d&rsquo;encouragement de Ga\u00ebl Faye lui m\u00eame, envoy\u00e9 de son pays le Rwanda \u00e0 notre attention.<\/p>\n<p><\/p>\n<figure class=\"wp-block-video aligncenter\"><video src=\"http:\/\/maisondelamusiquemarsilly.fr\/wp-content\/uploads\/2023\/01\/3a568ee2-3d4e-406e-9f8f-02b94dea241d-3.mp4\" controls=\"controls\" width=\"300\" height=\"150\"><\/video><\/figure>\n<p><\/p>\n<h2 class=\"wp-block-heading\">T\u00e9l\u00e9thon 2022<\/h2>\n<p><\/p>\n<p>Cette ann\u00e9e la Maison de la Musique de Marsilly et l&rsquo;association La Mi Nieul Musique sont associ\u00e9s \u00e0 deux projets pour le T\u00e9l\u00e9thon 2022.<\/p>\n<p><\/p>\n<p>Nous avons \u00e9t\u00e9 convi\u00e9 a rejoindre l&rsquo;association Nieul Air Pur pour la 5\u00e8me \u00e9dition de son D\u00e9fi 24h. Cette association qui a pour mission la promotion de la course \u00e0 pied sur route, du trail et de la marche nordique, organise chaque ann\u00e9e depuis 5 ans un d\u00e9fi sportif dont le but est de parcourir le plus grand nombre de kilom\u00e8tres, \u00e0 pied (en marchant ou courant), \u00e0 v\u00e9lo ou encore \u00e0 la nage. Si en 2019, un seul coureur avait r\u00e9ussi \u00e0 courir pendant 24h une distance de 4223 km, en 2021, en association avec l&rsquo;ASSPTT ce sont 5 478,80 km qui ont \u00e9t\u00e9 parcourus avec 208 participants dont 74 adh\u00e9rents de Nieul Air Pur. 11 sportifs ont r\u00e9ussi \u00e0 relever le d\u00e9fi de courir pendant 24h sur une distance de 2200 km. Pour une inscription de 5 euros, chaque participant peut parcourir la distance qu&rsquo;il veut. Deux parcours cette ann\u00e9e, un de 3 km et un de 8,5 km. La musique rejoint cette ann\u00e9e le sport. Nous sommes ravis de vous proposer avec l&rsquo;ensemble des \u00e9l\u00e8ves qui le souhaitent, chanteurs et\/ou musiciens, accompagn\u00e9s par l&rsquo;ensemble instrumental et vocal de l&rsquo;association DESIDELA 17 un concert de vari\u00e9t\u00e9s \u00ab\u00a0Chante la Vie Chante\u00a0\u00bb, \u00e0 la salle du Phare du Cordouan de l&rsquo;espace Michel Cr\u00e9peau de Nieul-sur-mer le <strong>samedi 3 d\u00e9cembre \u00e0 partir de 20h30. <\/strong>Chanter la vie pour ceux qui risquent tous les jours de la perdre. Alors nous vous attendons nombreux pour ce spectacle dont l&rsquo;ensemble des entr\u00e9es (5 euros, gratuit pour les moins de 12 ans) sera revers\u00e9 \u00e0 l&rsquo;AFM-T\u00e9l\u00e9thon en soutien \u00e0 la recherche sur les maladies rares.<\/p>\n<p><\/p>\n<p>Pour plus d&rsquo;infos: nieulairpur.com<\/p>\n<p><\/p>\n<p>Voir la retransmission du concert int\u00e9gral sur la page Facebook Maison de la musique ou La Mi Nieul Musique<\/p>\n<p><\/p>\n<figure class=\"wp-block-image aligncenter size-large\"><img loading=\"lazy\" decoding=\"async\" width=\"724\" height=\"1024\" class=\"wp-image-711\" src=\"http:\/\/maisondelamusiquemarsilly.fr\/wp-content\/uploads\/2022\/11\/Affiche-concert-Te\u0301le\u0301thon-Nieul-pc-724x1024.jpg\" alt=\"\" srcset=\"https:\/\/maisondelamusiquemarsilly.fr\/wp-content\/uploads\/2022\/11\/Affiche-concert-Te\u0301le\u0301thon-Nieul-pc-724x1024.jpg 724w, https:\/\/maisondelamusiquemarsilly.fr\/wp-content\/uploads\/2022\/11\/Affiche-concert-Te\u0301le\u0301thon-Nieul-pc-212x300.jpg 212w, https:\/\/maisondelamusiquemarsilly.fr\/wp-content\/uploads\/2022\/11\/Affiche-concert-Te\u0301le\u0301thon-Nieul-pc-768x1086.jpg 768w, https:\/\/maisondelamusiquemarsilly.fr\/wp-content\/uploads\/2022\/11\/Affiche-concert-Te\u0301le\u0301thon-Nieul-pc-1086x1536.jpg 1086w, https:\/\/maisondelamusiquemarsilly.fr\/wp-content\/uploads\/2022\/11\/Affiche-concert-Te\u0301le\u0301thon-Nieul-pc.jpg 1378w\" sizes=\"(max-width: 724px) 100vw, 724px\" \/><\/figure>\n<p><\/p>\n<figure class=\"wp-block-image size-large\"><img loading=\"lazy\" decoding=\"async\" width=\"1024\" height=\"682\" class=\"wp-image-712\" src=\"http:\/\/maisondelamusiquemarsilly.fr\/wp-content\/uploads\/2022\/11\/Te\u0301le\u0301thon-e\u0301a\u0300e\u0301e\u0301-Nieul-1024x682.jpeg\" alt=\"\" srcset=\"https:\/\/maisondelamusiquemarsilly.fr\/wp-content\/uploads\/2022\/11\/Te\u0301le\u0301thon-e\u0301a\u0300e\u0301e\u0301-Nieul-1024x682.jpeg 1024w, https:\/\/maisondelamusiquemarsilly.fr\/wp-content\/uploads\/2022\/11\/Te\u0301le\u0301thon-e\u0301a\u0300e\u0301e\u0301-Nieul-300x200.jpeg 300w, https:\/\/maisondelamusiquemarsilly.fr\/wp-content\/uploads\/2022\/11\/Te\u0301le\u0301thon-e\u0301a\u0300e\u0301e\u0301-Nieul-768x512.jpeg 768w, https:\/\/maisondelamusiquemarsilly.fr\/wp-content\/uploads\/2022\/11\/Te\u0301le\u0301thon-e\u0301a\u0300e\u0301e\u0301-Nieul-1536x1023.jpeg 1536w, https:\/\/maisondelamusiquemarsilly.fr\/wp-content\/uploads\/2022\/11\/Te\u0301le\u0301thon-e\u0301a\u0300e\u0301e\u0301-Nieul-960x640.jpeg 960w, https:\/\/maisondelamusiquemarsilly.fr\/wp-content\/uploads\/2022\/11\/Te\u0301le\u0301thon-e\u0301a\u0300e\u0301e\u0301-Nieul.jpeg 1599w\" sizes=\"(max-width: 1024px) 100vw, 1024px\" \/><\/figure>\n<p><\/p>\n<p>Et l&rsquo;aventure continue <strong>le dimanche 11 d\u00e9cembre. <\/strong>L&rsquo;association DESIDELA 17, administratrice de la Maison de la Musique de Marsilly, organise depuis 2019 un T\u00e9l\u00e9thon \u00e0 Marsilly. Cette ann\u00e9e, le Golf de la Pr\u00e9e s&rsquo;associe \u00e0 cette d\u00e9marche caritative avec une journ\u00e9e alliant musique et sport: Swinguons pour le T\u00e9l\u00e9thon. Nous remercions tr\u00e8s sinc\u00e8rement toute l&rsquo;\u00e9quipe du Golf de la Pr\u00e9e pour avoir accept\u00e9 notre proposition de nous rejoindre pour cette belle cause.<\/p>\n<p><\/p>\n<p>La journ\u00e9e se d\u00e9roulera en 3 temps:<\/p>\n<p><\/p>\n<p><strong>9h<\/strong> Une comp\u00e9tition \u00ab\u00a0Give and Take\u00a0\u00bb, uniquement r\u00e9serv\u00e9e aux golfeurs dont le droit de jeu de 10 euros, sera enti\u00e8rement revers\u00e9 \u00e0 l&rsquo;AFM T\u00e9l\u00e9thon. 70 \u00e0 90 joueurs seraient en capacit\u00e9 de r\u00e9pondre pr\u00e9sents.<\/p>\n<p><\/p>\n<p><strong>De 13h \u00e0 16h<\/strong>: Les \u00e9l\u00e8ves de l&rsquo;\u00e9cole de Golf, encadr\u00e9s par les adultes de l&rsquo;association sportive du Golf de la Pr\u00e9e, proposent une initiation au putting en bin\u00f4me (un golfeur et un \u00e9l\u00e8ve, parent ou membre de la fratrie d&rsquo;un \u00e9l\u00e8ve de la Maison de la musique de Marsilly et de La Mi Nieul Musique de 7 ans minimum). Un petit cours th\u00e9orique sera donn\u00e9 de 13h \u00e0 14h \u00e0 l&rsquo;ensemble des participants qui seront ensuite r\u00e9partis sur un parcours de 9 trous. Chaque bin\u00f4me partira d&rsquo;un trou diff\u00e9rent pour un parcours de 30 mn. 4 parcours seront propos\u00e9s au cours de cet apr\u00e8s-midi. Pendant ce m\u00eame temps, un parcours musical (gratuit) sera propos\u00e9 pour les plus petits par Marion, professeure d&rsquo;Eveil musical assist\u00e9e de deux \u00e9l\u00e8ves chanteurs adultes.<\/p>\n<p><\/p>\n<p><strong>De 16h \u00e0 18h<\/strong>: un go\u00fbter concert avec la seconde repr\u00e9sentation du concert \u00ab\u00a0Chante la vie chante\u00a0\u00bb sera propos\u00e9 dans la grande salle de r\u00e9ception du golf avec remise des prix.<\/p>\n<p><\/p>\n<p>Plusieurs formules sont propos\u00e9es:<\/p>\n<p><\/p>\n<p><strong>Formule int\u00e9grale <\/strong>(initiation au putting + Go\u00fbter spectacle): 10 euros<\/p>\n<p><\/p>\n<p><strong>Formule Go\u00fbter spectacle<\/strong>: 5 euros (gratuit pour les moins de 7 ans)<\/p>\n<p><\/p>\n<p><strong>Le go\u00fbter sera de 3 euros pour tout le monde, artistes et enfants compris.<\/strong><\/p>\n<p><\/p>\n<p>L&rsquo;ensemble des b\u00e9n\u00e9fices de cette journ\u00e9e sera revers\u00e9 \u00e0 l&rsquo;AFM-T\u00e9l\u00e9thon.<\/p>\n<p><\/p>\n<figure class=\"wp-block-image aligncenter size-large\"><img loading=\"lazy\" decoding=\"async\" width=\"728\" height=\"1024\" class=\"wp-image-706\" src=\"http:\/\/maisondelamusiquemarsilly.fr\/wp-content\/uploads\/2022\/11\/Affiche-Swing-pour-le-Te\u0301le\u0301thon-728x1024.jpg\" alt=\"\" srcset=\"https:\/\/maisondelamusiquemarsilly.fr\/wp-content\/uploads\/2022\/11\/Affiche-Swing-pour-le-Te\u0301le\u0301thon-728x1024.jpg 728w, https:\/\/maisondelamusiquemarsilly.fr\/wp-content\/uploads\/2022\/11\/Affiche-Swing-pour-le-Te\u0301le\u0301thon-213x300.jpg 213w, https:\/\/maisondelamusiquemarsilly.fr\/wp-content\/uploads\/2022\/11\/Affiche-Swing-pour-le-Te\u0301le\u0301thon-768x1081.jpg 768w, https:\/\/maisondelamusiquemarsilly.fr\/wp-content\/uploads\/2022\/11\/Affiche-Swing-pour-le-Te\u0301le\u0301thon.jpg 1086w\" sizes=\"(max-width: 728px) 100vw, 728px\" \/><\/figure>\n<p><\/p>\n<figure class=\"wp-block-image size-large\"><img loading=\"lazy\" decoding=\"async\" width=\"1024\" height=\"768\" class=\"wp-image-713\" src=\"http:\/\/maisondelamusiquemarsilly.fr\/wp-content\/uploads\/2022\/11\/Te\u0301le\u0301thon-2022-Golf-1024x768.jpeg\" alt=\"\" srcset=\"https:\/\/maisondelamusiquemarsilly.fr\/wp-content\/uploads\/2022\/11\/Te\u0301le\u0301thon-2022-Golf-1024x768.jpeg 1024w, https:\/\/maisondelamusiquemarsilly.fr\/wp-content\/uploads\/2022\/11\/Te\u0301le\u0301thon-2022-Golf-300x225.jpeg 300w, https:\/\/maisondelamusiquemarsilly.fr\/wp-content\/uploads\/2022\/11\/Te\u0301le\u0301thon-2022-Golf-768x576.jpeg 768w, https:\/\/maisondelamusiquemarsilly.fr\/wp-content\/uploads\/2022\/11\/Te\u0301le\u0301thon-2022-Golf-1536x1152.jpeg 1536w, https:\/\/maisondelamusiquemarsilly.fr\/wp-content\/uploads\/2022\/11\/Te\u0301le\u0301thon-2022-Golf-2048x1536.jpeg 2048w, https:\/\/maisondelamusiquemarsilly.fr\/wp-content\/uploads\/2022\/11\/Te\u0301le\u0301thon-2022-Golf-440x330.jpeg 440w, https:\/\/maisondelamusiquemarsilly.fr\/wp-content\/uploads\/2022\/11\/Te\u0301le\u0301thon-2022-Golf-730x547.jpeg 730w\" sizes=\"(max-width: 1024px) 100vw, 1024px\" \/><\/figure>\n<p><\/p>\n<h2 class=\"wp-block-heading\">Forums des associations<\/h2>\n<p><\/p>\n<p>Comme tous les ans les forums d&rsquo;associations sont un temps fort de la rentr\u00e9e scolaire. Une grande partie des associations sont \u00e0 la disposition des usagers afin de pouvoir les renseigner sur le choix de leurs futures activit\u00e9s, toute discipline confondue. La maison de la musique Marsilly et l&rsquo;association La Mi Nieul seront donc \u00e0 votre disposition pour tout renseignement et inscription:<\/p>\n<p><\/p>\n<p>le samedi 3 septembre de 9h \u00e0 18h \u00e0 Marsilly, salle Georges Simenon<\/p>\n<p><\/p>\n<p>le dimanche 4 septembre de 10h \u00e0 18h Parc municipal \u00e0 Nieul- sur-Mer<\/p>\n<p><\/p>\n<figure class=\"wp-block-gallery has-nested-images columns-default is-cropped wp-block-gallery-6 is-layout-flex wp-block-gallery-is-layout-flex\">\n<p>\u00a0<\/p>\n<figure><img decoding=\"async\" data-id=\"675\" src=\"https:\/\/maisondelamusiquemarsilly.fr\/wp-content\/uploads\/2022\/09\/Affiche-forum-Marsilly-738x1024.jpeg\" alt=\"\" \/><\/figure>\n<p><\/p>\n<\/figure>\n<p><\/p>\n<figure class=\"wp-block-image size-large\"><img loading=\"lazy\" decoding=\"async\" width=\"721\" height=\"1024\" class=\"wp-image-676\" src=\"http:\/\/maisondelamusiquemarsilly.fr\/wp-content\/uploads\/2022\/09\/Affiche-forum-Nieul-721x1024.jpeg\" alt=\"\" srcset=\"https:\/\/maisondelamusiquemarsilly.fr\/wp-content\/uploads\/2022\/09\/Affiche-forum-Nieul-721x1024.jpeg 721w, https:\/\/maisondelamusiquemarsilly.fr\/wp-content\/uploads\/2022\/09\/Affiche-forum-Nieul-211x300.jpeg 211w, https:\/\/maisondelamusiquemarsilly.fr\/wp-content\/uploads\/2022\/09\/Affiche-forum-Nieul-768x1091.jpeg 768w, https:\/\/maisondelamusiquemarsilly.fr\/wp-content\/uploads\/2022\/09\/Affiche-forum-Nieul-1081x1536.jpeg 1081w, https:\/\/maisondelamusiquemarsilly.fr\/wp-content\/uploads\/2022\/09\/Affiche-forum-Nieul-1441x2048.jpeg 1441w, https:\/\/maisondelamusiquemarsilly.fr\/wp-content\/uploads\/2022\/09\/Affiche-forum-Nieul-scaled.jpeg 1802w\" sizes=\"(max-width: 721px) 100vw, 721px\" \/><\/figure>\n<p><\/p>\n<h2 class=\"wp-block-heading\">journ\u00e9es portes ouvertes La Mi Nieul Musique<\/h2>\n<p><\/p>\n<p>Ce sont donc main dans le main que quelques \u00e9l\u00e8ves de la Maison de la Musique de Marsilly se sont joint \u00e0 ceux de La Mi Nieul Musique pour un spectacle de fin d&rsquo;ann\u00e9e, le 2 juillet dernier. Cette soir\u00e9e a \u00e9t\u00e9 \u00e9galement l&rsquo;occasion de proposer une journ\u00e9e portes ouvertes afin d&rsquo;accueillir et de renseigner toutes les personnes d\u00e9sireuses de se joindre \u00e0 nous l&rsquo;ann\u00e9e prochaine.<\/p>\n<p><\/p>\n<figure class=\"wp-block-image aligncenter size-large\"><img loading=\"lazy\" decoding=\"async\" width=\"724\" height=\"1024\" class=\"wp-image-573\" src=\"http:\/\/maisondelamusiquemarsilly.fr\/wp-content\/uploads\/2022\/08\/Flyers-Portes-ouvertes-La-Mi-Nieul-Musique-724x1024.jpg\" alt=\"\" srcset=\"https:\/\/maisondelamusiquemarsilly.fr\/wp-content\/uploads\/2022\/08\/Flyers-Portes-ouvertes-La-Mi-Nieul-Musique-724x1024.jpg 724w, https:\/\/maisondelamusiquemarsilly.fr\/wp-content\/uploads\/2022\/08\/Flyers-Portes-ouvertes-La-Mi-Nieul-Musique-212x300.jpg 212w, https:\/\/maisondelamusiquemarsilly.fr\/wp-content\/uploads\/2022\/08\/Flyers-Portes-ouvertes-La-Mi-Nieul-Musique-768x1086.jpg 768w, https:\/\/maisondelamusiquemarsilly.fr\/wp-content\/uploads\/2022\/08\/Flyers-Portes-ouvertes-La-Mi-Nieul-Musique-1086x1536.jpg 1086w, https:\/\/maisondelamusiquemarsilly.fr\/wp-content\/uploads\/2022\/08\/Flyers-Portes-ouvertes-La-Mi-Nieul-Musique.jpg 1414w\" sizes=\"(max-width: 724px) 100vw, 724px\" \/><\/figure>\n<p><\/p>\n<figure class=\"wp-block-gallery has-nested-images columns-default is-cropped wp-block-gallery-7 is-layout-flex wp-block-gallery-is-layout-flex\">\n<p>\u00a0<\/p>\n<figure class=\"wp-block-image size-large\"><img loading=\"lazy\" decoding=\"async\" width=\"1024\" height=\"768\" data-id=\"583\" class=\"wp-image-583\" src=\"https:\/\/maisondelamusiquemarsilly.fr\/wp-content\/uploads\/2022\/08\/PHOTO-2022-07-03-16-35-30-2-1024x768.jpg\" alt=\"\" srcset=\"https:\/\/maisondelamusiquemarsilly.fr\/wp-content\/uploads\/2022\/08\/PHOTO-2022-07-03-16-35-30-2-1024x768.jpg 1024w, https:\/\/maisondelamusiquemarsilly.fr\/wp-content\/uploads\/2022\/08\/PHOTO-2022-07-03-16-35-30-2-300x225.jpg 300w, https:\/\/maisondelamusiquemarsilly.fr\/wp-content\/uploads\/2022\/08\/PHOTO-2022-07-03-16-35-30-2-768x576.jpg 768w, https:\/\/maisondelamusiquemarsilly.fr\/wp-content\/uploads\/2022\/08\/PHOTO-2022-07-03-16-35-30-2-1536x1152.jpg 1536w, https:\/\/maisondelamusiquemarsilly.fr\/wp-content\/uploads\/2022\/08\/PHOTO-2022-07-03-16-35-30-2-440x330.jpg 440w, https:\/\/maisondelamusiquemarsilly.fr\/wp-content\/uploads\/2022\/08\/PHOTO-2022-07-03-16-35-30-2-730x547.jpg 730w, https:\/\/maisondelamusiquemarsilly.fr\/wp-content\/uploads\/2022\/08\/PHOTO-2022-07-03-16-35-30-2.jpg 2000w\" sizes=\"(max-width: 1024px) 100vw, 1024px\" \/><\/figure>\n<p><\/p>\n<figure class=\"wp-block-image size-large\"><img loading=\"lazy\" decoding=\"async\" width=\"1024\" height=\"768\" data-id=\"584\" class=\"wp-image-584\" src=\"https:\/\/maisondelamusiquemarsilly.fr\/wp-content\/uploads\/2022\/08\/PHOTO-2022-07-03-16-35-30-1024x768.jpg\" alt=\"\" srcset=\"https:\/\/maisondelamusiquemarsilly.fr\/wp-content\/uploads\/2022\/08\/PHOTO-2022-07-03-16-35-30-1024x768.jpg 1024w, https:\/\/maisondelamusiquemarsilly.fr\/wp-content\/uploads\/2022\/08\/PHOTO-2022-07-03-16-35-30-300x225.jpg 300w, https:\/\/maisondelamusiquemarsilly.fr\/wp-content\/uploads\/2022\/08\/PHOTO-2022-07-03-16-35-30-768x576.jpg 768w, https:\/\/maisondelamusiquemarsilly.fr\/wp-content\/uploads\/2022\/08\/PHOTO-2022-07-03-16-35-30-1536x1152.jpg 1536w, https:\/\/maisondelamusiquemarsilly.fr\/wp-content\/uploads\/2022\/08\/PHOTO-2022-07-03-16-35-30-440x330.jpg 440w, https:\/\/maisondelamusiquemarsilly.fr\/wp-content\/uploads\/2022\/08\/PHOTO-2022-07-03-16-35-30-730x547.jpg 730w, https:\/\/maisondelamusiquemarsilly.fr\/wp-content\/uploads\/2022\/08\/PHOTO-2022-07-03-16-35-30.jpg 2000w\" sizes=\"(max-width: 1024px) 100vw, 1024px\" \/><\/figure>\n<p><\/p>\n<\/figure>\n<p><\/p>\n<h2 class=\"wp-block-heading\">Rapprochement de la maison de la musique marsilly avec l&rsquo;association la mi nieul musique<\/h2>\n<p><\/p>\n<p>N\u00e9e sous l&rsquo;impulsion du professeur de guitare Guillaume Roquier et de parents d&rsquo;\u00e9l\u00e8ves comme Estelle Roy, secr\u00e9taire de l&rsquo;association depuis sa cr\u00e9ation, La Mi Nieul Musique a v\u00e9cu une ann\u00e9e particuli\u00e8rement difficile. En effet sa tr\u00e9sori\u00e8re, Val\u00e9rie Malatesta, suite \u00e0 la d\u00e9mission de la pr\u00e9sidente et de la secr\u00e9taire, se retrouvait seule aux manettes de cette derni\u00e8re. Un appel au secours a \u00e9t\u00e9 lanc\u00e9 et un rapprochement avec la Maison de la musique de Marsilly a \u00e9t\u00e9 initi\u00e9. C&rsquo;est ainsi qu&rsquo;une nouvelle \u00e9quipe s&rsquo;est mise en place afin de mobiliser des ressources et des moyens afin de faire perdurer ce lieu de culture musicale initi\u00e9 par ses membres fondateurs, et qui sans cet \u00e9lan de solidarit\u00e9 se serait vu dans l&rsquo;obligation de cesser ses activit\u00e9s, faute de professeurs et de b\u00e9n\u00e9vole pour constituer un nouveau bureau. C&rsquo;est ainsi que la Maison de la Musique de Marsilly, administr\u00e9e par l&rsquo;association DESIDELA 17, pr\u00e9sid\u00e9e par Catherine Picard, a propos\u00e9 de mutualiser moyens et comp\u00e9tences afin de cr\u00e9er un \u00e9quipe p\u00e9dagogique commune et offrir aux usagers de Nieul- sur-mer, les m\u00eames prestations que ceux de Marsilly et alentours. Cette derni\u00e8re a \u00e9t\u00e9 \u00e9lue lors de l&rsquo;assembl\u00e9e g\u00e9n\u00e9rale qui s&rsquo;est tenue le 17 juin dernier pr\u00e9sidente de l&rsquo;association La Mi Nieul Musique aux c\u00f4t\u00e9s de Val\u00e9rie Malatesta, qui garde ses fonctions de tr\u00e9sori\u00e8re, S\u00e9verine Merceron, secr\u00e9taire et Pierrette Estruc, secr\u00e9taire adjointe. Ainsi \u00e0 la rentr\u00e9e seront propos\u00e9s: piano, guitare, saxophone, fl\u00fbte traversi\u00e8re, chant, \u00e9veil musical et bien plus encore. A d\u00e9couvrir dans la rubrique activit\u00e9s.<\/p>\n<p><\/p>\n<figure class=\"wp-block-image size-large\"><img loading=\"lazy\" decoding=\"async\" width=\"1024\" height=\"796\" class=\"wp-image-572\" src=\"http:\/\/maisondelamusiquemarsilly.fr\/wp-content\/uploads\/2022\/08\/Nouveau-bureau-la-mi-nieul-musique-1-1024x796.jpg\" alt=\"\" srcset=\"https:\/\/maisondelamusiquemarsilly.fr\/wp-content\/uploads\/2022\/08\/Nouveau-bureau-la-mi-nieul-musique-1-1024x796.jpg 1024w, https:\/\/maisondelamusiquemarsilly.fr\/wp-content\/uploads\/2022\/08\/Nouveau-bureau-la-mi-nieul-musique-1-300x233.jpg 300w, https:\/\/maisondelamusiquemarsilly.fr\/wp-content\/uploads\/2022\/08\/Nouveau-bureau-la-mi-nieul-musique-1-768x597.jpg 768w, https:\/\/maisondelamusiquemarsilly.fr\/wp-content\/uploads\/2022\/08\/Nouveau-bureau-la-mi-nieul-musique-1-1536x1193.jpg 1536w, https:\/\/maisondelamusiquemarsilly.fr\/wp-content\/uploads\/2022\/08\/Nouveau-bureau-la-mi-nieul-musique-1-2048x1591.jpg 2048w\" sizes=\"(max-width: 1024px) 100vw, 1024px\" \/><\/figure>\n<p><\/p>\n<h2 class=\"wp-block-heading\">Spectacle INTERGENERATIONNEL ET INTERCOMMUNAL<\/h2>\n<p><\/p>\n<p>Port\u00e9 par le Centre Communal d&rsquo;Action Sociale de la mairie de Saint-Xandre, et en partenariat les acteurs locaux de la petite enfance et des personnes \u00e2g\u00e9es , les \u00e9l\u00e8ves et l&rsquo;\u00e9quipe p\u00e9dagogique de la Maison de la Musique de Marsilly ont travaill\u00e9 sur un projet de spectacle interg\u00e9n\u00e9rationel et intercommunal. une centaine d&rsquo;enfants de l&rsquo;Espace Cama\u00efeux et de l&rsquo;AFR (Association des Familles Rurales) de Marsilly, et une centaine de r\u00e9sidents et leurs accompagnants des EHPAD (Etablissement d&rsquo;H\u00e9bergement pour Personnes Ag\u00e9es D\u00e9pendantes) de Saint-Xandre, Rompsay, Esnandes, L&rsquo;Houmeau, Saint-Rogatien, l&rsquo;association Emmanuelle, ainsi que des personnes \u00e2g\u00e9es isol\u00e9es accompagn\u00e9es par les b\u00e9n\u00e9voles des CCAS de Saint-Xandre et de Marsilly sont venus assister \u00e0 ce spectacle le mercredi 21 juin 2022 de 15h \u00e0 16h30. Une buvette \u00e9tait tenue par l&rsquo;association Saint-Xandre Basket. Deux contes musicaux ont \u00e9t\u00e9 propos\u00e9s sur la sc\u00e8ne de l&rsquo;Agora : Pierre et le loup et Raconte moi Paris avec les enfants de l&rsquo;atelier D\u00e9couverte instrumentale et vocale et les adultes de l&rsquo;atelier \u00a0\u00bb A chacun sa voix. Deux personnes sont venu compl\u00e9ter le d\u00e9corum du spectacle Raconte moi Paris: Domineau et son orgue de Barbarie et Michel Bard et sa collection de v\u00e9los anciens.<\/p>\n<p><\/p>\n<figure class=\"wp-block-image aligncenter size-large\"><img loading=\"lazy\" decoding=\"async\" width=\"723\" height=\"1024\" class=\"wp-image-566\" src=\"http:\/\/maisondelamusiquemarsilly.fr\/wp-content\/uploads\/2022\/08\/Affiche-spectacle-interge\u0301ne\u0301rationnel-723x1024.jpg\" alt=\"\" srcset=\"https:\/\/maisondelamusiquemarsilly.fr\/wp-content\/uploads\/2022\/08\/Affiche-spectacle-interge\u0301ne\u0301rationnel-723x1024.jpg 723w, https:\/\/maisondelamusiquemarsilly.fr\/wp-content\/uploads\/2022\/08\/Affiche-spectacle-interge\u0301ne\u0301rationnel-212x300.jpg 212w, https:\/\/maisondelamusiquemarsilly.fr\/wp-content\/uploads\/2022\/08\/Affiche-spectacle-interge\u0301ne\u0301rationnel-768x1088.jpg 768w, https:\/\/maisondelamusiquemarsilly.fr\/wp-content\/uploads\/2022\/08\/Affiche-spectacle-interge\u0301ne\u0301rationnel-1084x1536.jpg 1084w, https:\/\/maisondelamusiquemarsilly.fr\/wp-content\/uploads\/2022\/08\/Affiche-spectacle-interge\u0301ne\u0301rationnel.jpg 1258w\" sizes=\"(max-width: 723px) 100vw, 723px\" \/><\/figure>\n<p><\/p>\n<figure class=\"wp-block-gallery has-nested-images columns-default is-cropped wp-block-gallery-8 is-layout-flex wp-block-gallery-is-layout-flex\">\n<p>\u00a0<\/p>\n<figure><img decoding=\"async\" data-id=\"565\" src=\"https:\/\/maisondelamusiquemarsilly.fr\/wp-content\/uploads\/2022\/08\/DSC_1020-1024x681.jpg\" alt=\"\" \/><\/figure>\n<p><\/p>\n<figure class=\"wp-block-image size-large\"><img loading=\"lazy\" decoding=\"async\" width=\"1024\" height=\"768\" data-id=\"563\" class=\"wp-image-563\" src=\"https:\/\/maisondelamusiquemarsilly.fr\/wp-content\/uploads\/2022\/08\/3b23a04e-86a0-45f7-bdf1-c04158eb5a45-1024x768.jpg\" alt=\"\" srcset=\"https:\/\/maisondelamusiquemarsilly.fr\/wp-content\/uploads\/2022\/08\/3b23a04e-86a0-45f7-bdf1-c04158eb5a45-1024x768.jpg 1024w, https:\/\/maisondelamusiquemarsilly.fr\/wp-content\/uploads\/2022\/08\/3b23a04e-86a0-45f7-bdf1-c04158eb5a45-300x225.jpg 300w, https:\/\/maisondelamusiquemarsilly.fr\/wp-content\/uploads\/2022\/08\/3b23a04e-86a0-45f7-bdf1-c04158eb5a45-768x576.jpg 768w, https:\/\/maisondelamusiquemarsilly.fr\/wp-content\/uploads\/2022\/08\/3b23a04e-86a0-45f7-bdf1-c04158eb5a45-1536x1152.jpg 1536w, https:\/\/maisondelamusiquemarsilly.fr\/wp-content\/uploads\/2022\/08\/3b23a04e-86a0-45f7-bdf1-c04158eb5a45-440x330.jpg 440w, https:\/\/maisondelamusiquemarsilly.fr\/wp-content\/uploads\/2022\/08\/3b23a04e-86a0-45f7-bdf1-c04158eb5a45-730x547.jpg 730w, https:\/\/maisondelamusiquemarsilly.fr\/wp-content\/uploads\/2022\/08\/3b23a04e-86a0-45f7-bdf1-c04158eb5a45.jpg 1600w\" sizes=\"(max-width: 1024px) 100vw, 1024px\" \/><\/figure>\n<p><\/p>\n<figure class=\"wp-block-image size-large\"><img loading=\"lazy\" decoding=\"async\" width=\"1024\" height=\"681\" data-id=\"567\" class=\"wp-image-567\" src=\"https:\/\/maisondelamusiquemarsilly.fr\/wp-content\/uploads\/2022\/08\/DSC_1094-1024x681.jpg\" alt=\"\" srcset=\"https:\/\/maisondelamusiquemarsilly.fr\/wp-content\/uploads\/2022\/08\/DSC_1094-1024x681.jpg 1024w, https:\/\/maisondelamusiquemarsilly.fr\/wp-content\/uploads\/2022\/08\/DSC_1094-300x200.jpg 300w, https:\/\/maisondelamusiquemarsilly.fr\/wp-content\/uploads\/2022\/08\/DSC_1094-768x511.jpg 768w, https:\/\/maisondelamusiquemarsilly.fr\/wp-content\/uploads\/2022\/08\/DSC_1094-1536x1022.jpg 1536w, https:\/\/maisondelamusiquemarsilly.fr\/wp-content\/uploads\/2022\/08\/DSC_1094-2048x1363.jpg 2048w\" sizes=\"(max-width: 1024px) 100vw, 1024px\" \/><\/figure>\n<p><\/p>\n<figure class=\"wp-block-image size-large\"><img loading=\"lazy\" decoding=\"async\" width=\"1024\" height=\"681\" data-id=\"568\" class=\"wp-image-568\" src=\"https:\/\/maisondelamusiquemarsilly.fr\/wp-content\/uploads\/2022\/08\/DSC_1115-1024x681.jpg\" alt=\"\" srcset=\"https:\/\/maisondelamusiquemarsilly.fr\/wp-content\/uploads\/2022\/08\/DSC_1115-1024x681.jpg 1024w, https:\/\/maisondelamusiquemarsilly.fr\/wp-content\/uploads\/2022\/08\/DSC_1115-300x200.jpg 300w, https:\/\/maisondelamusiquemarsilly.fr\/wp-content\/uploads\/2022\/08\/DSC_1115-768x511.jpg 768w, https:\/\/maisondelamusiquemarsilly.fr\/wp-content\/uploads\/2022\/08\/DSC_1115-1536x1022.jpg 1536w, https:\/\/maisondelamusiquemarsilly.fr\/wp-content\/uploads\/2022\/08\/DSC_1115-2048x1363.jpg 2048w\" sizes=\"(max-width: 1024px) 100vw, 1024px\" \/><\/figure>\n<p><\/p>\n<figure class=\"wp-block-image size-large\"><img loading=\"lazy\" decoding=\"async\" width=\"1024\" height=\"681\" data-id=\"569\" class=\"wp-image-569\" src=\"https:\/\/maisondelamusiquemarsilly.fr\/wp-content\/uploads\/2022\/08\/DSC_1207-1024x681.jpg\" alt=\"\" srcset=\"https:\/\/maisondelamusiquemarsilly.fr\/wp-content\/uploads\/2022\/08\/DSC_1207-1024x681.jpg 1024w, https:\/\/maisondelamusiquemarsilly.fr\/wp-content\/uploads\/2022\/08\/DSC_1207-300x200.jpg 300w, https:\/\/maisondelamusiquemarsilly.fr\/wp-content\/uploads\/2022\/08\/DSC_1207-768x511.jpg 768w, https:\/\/maisondelamusiquemarsilly.fr\/wp-content\/uploads\/2022\/08\/DSC_1207-1536x1022.jpg 1536w, https:\/\/maisondelamusiquemarsilly.fr\/wp-content\/uploads\/2022\/08\/DSC_1207-2048x1363.jpg 2048w\" sizes=\"(max-width: 1024px) 100vw, 1024px\" \/><\/figure>\n<p><\/p>\n<figure class=\"wp-block-image size-large\"><img loading=\"lazy\" decoding=\"async\" width=\"768\" height=\"1024\" data-id=\"570\" class=\"wp-image-570\" src=\"https:\/\/maisondelamusiquemarsilly.fr\/wp-content\/uploads\/2022\/08\/40325d77-177e-4390-a0ab-9c5a4a890236-768x1024.jpg\" alt=\"\" srcset=\"https:\/\/maisondelamusiquemarsilly.fr\/wp-content\/uploads\/2022\/08\/40325d77-177e-4390-a0ab-9c5a4a890236-768x1024.jpg 768w, https:\/\/maisondelamusiquemarsilly.fr\/wp-content\/uploads\/2022\/08\/40325d77-177e-4390-a0ab-9c5a4a890236-225x300.jpg 225w, https:\/\/maisondelamusiquemarsilly.fr\/wp-content\/uploads\/2022\/08\/40325d77-177e-4390-a0ab-9c5a4a890236-1152x1536.jpg 1152w, https:\/\/maisondelamusiquemarsilly.fr\/wp-content\/uploads\/2022\/08\/40325d77-177e-4390-a0ab-9c5a4a890236.jpg 1170w\" sizes=\"(max-width: 768px) 100vw, 768px\" \/><\/figure>\n<p><\/p>\n<\/figure>\n<p><\/p>\n<figure class=\"wp-block-gallery has-nested-images columns-default is-cropped wp-block-gallery-9 is-layout-flex wp-block-gallery-is-layout-flex\">\n<p>\u00a0<\/p>\n<figure><img decoding=\"async\" data-id=\"578\" src=\"https:\/\/maisondelamusiquemarsilly.fr\/wp-content\/uploads\/2022\/08\/Presse-agora-1-823x1024.jpg\" alt=\"\" \/><\/figure>\n<p><\/p>\n<figure class=\"wp-block-image size-large\"><img loading=\"lazy\" decoding=\"async\" width=\"757\" height=\"1024\" data-id=\"579\" class=\"wp-image-579\" src=\"https:\/\/maisondelamusiquemarsilly.fr\/wp-content\/uploads\/2022\/08\/Presse-Agora-3-757x1024.jpg\" alt=\"\" srcset=\"https:\/\/maisondelamusiquemarsilly.fr\/wp-content\/uploads\/2022\/08\/Presse-Agora-3-757x1024.jpg 757w, https:\/\/maisondelamusiquemarsilly.fr\/wp-content\/uploads\/2022\/08\/Presse-Agora-3-222x300.jpg 222w, https:\/\/maisondelamusiquemarsilly.fr\/wp-content\/uploads\/2022\/08\/Presse-Agora-3-768x1039.jpg 768w, https:\/\/maisondelamusiquemarsilly.fr\/wp-content\/uploads\/2022\/08\/Presse-Agora-3-1135x1536.jpg 1135w, https:\/\/maisondelamusiquemarsilly.fr\/wp-content\/uploads\/2022\/08\/Presse-Agora-3-1514x2048.jpg 1514w, https:\/\/maisondelamusiquemarsilly.fr\/wp-content\/uploads\/2022\/08\/Presse-Agora-3-scaled.jpg 1892w\" sizes=\"(max-width: 757px) 100vw, 757px\" \/><\/figure>\n<p><\/p>\n<figure class=\"wp-block-image size-large\"><img loading=\"lazy\" decoding=\"async\" width=\"822\" height=\"1024\" data-id=\"580\" class=\"wp-image-580\" src=\"https:\/\/maisondelamusiquemarsilly.fr\/wp-content\/uploads\/2022\/08\/Presse-agora-2-1-822x1024.jpg\" alt=\"\" srcset=\"https:\/\/maisondelamusiquemarsilly.fr\/wp-content\/uploads\/2022\/08\/Presse-agora-2-1-822x1024.jpg 822w, https:\/\/maisondelamusiquemarsilly.fr\/wp-content\/uploads\/2022\/08\/Presse-agora-2-1-241x300.jpg 241w, https:\/\/maisondelamusiquemarsilly.fr\/wp-content\/uploads\/2022\/08\/Presse-agora-2-1-768x956.jpg 768w, https:\/\/maisondelamusiquemarsilly.fr\/wp-content\/uploads\/2022\/08\/Presse-agora-2-1-1233x1536.jpg 1233w, https:\/\/maisondelamusiquemarsilly.fr\/wp-content\/uploads\/2022\/08\/Presse-agora-2-1-1644x2048.jpg 1644w\" sizes=\"(max-width: 822px) 100vw, 822px\" \/><\/figure>\n<p><\/p>\n<figure class=\"wp-block-image size-large\"><img loading=\"lazy\" decoding=\"async\" width=\"681\" height=\"1024\" data-id=\"581\" class=\"wp-image-581\" src=\"https:\/\/maisondelamusiquemarsilly.fr\/wp-content\/uploads\/2022\/08\/Presse-Agora-4-1-681x1024.jpg\" alt=\"\" srcset=\"https:\/\/maisondelamusiquemarsilly.fr\/wp-content\/uploads\/2022\/08\/Presse-Agora-4-1-681x1024.jpg 681w, https:\/\/maisondelamusiquemarsilly.fr\/wp-content\/uploads\/2022\/08\/Presse-Agora-4-1-200x300.jpg 200w, https:\/\/maisondelamusiquemarsilly.fr\/wp-content\/uploads\/2022\/08\/Presse-Agora-4-1-768x1154.jpg 768w, https:\/\/maisondelamusiquemarsilly.fr\/wp-content\/uploads\/2022\/08\/Presse-Agora-4-1-1022x1536.jpg 1022w, https:\/\/maisondelamusiquemarsilly.fr\/wp-content\/uploads\/2022\/08\/Presse-Agora-4-1-1363x2048.jpg 1363w, https:\/\/maisondelamusiquemarsilly.fr\/wp-content\/uploads\/2022\/08\/Presse-Agora-4-1-scaled.jpg 1703w\" sizes=\"(max-width: 681px) 100vw, 681px\" \/><\/figure>\n<p><\/p>\n<\/figure>\n<p><\/p>\n<p><\/p>\n<figure class=\"wp-block-embed is-type-video is-provider-youtube wp-block-embed-youtube wp-embed-aspect-16-9 wp-has-aspect-ratio\">\n<div class=\"wp-block-embed__wrapper\">https:\/\/www.youtube.com\/watch?v=HFhKaSj3rcQ<\/div>\n<\/figure>\n<p><\/p>\n<h2 class=\"wp-block-heading\">MARSILLY, ENSEMBLE POUR LE TELETHON<\/h2>\n<p><\/p>\n<p>Les \u00e9l\u00e8ves, professeurs et intervenants b\u00e9n\u00e9voles de la Maison de la Musique se sont mobilis\u00e9s pour la seconde \u00e9dition du T\u00e9l\u00e9thon \u00e0 Marsilly le 4 d\u00e9cembre 2021. En partenariat avec la municipalit\u00e9, les commer\u00e7ants et le CCAS de la commune et l&rsquo;association paroissiale Saint Gabriel, un grand concert a r\u00e9uni sur sc\u00e8ne l&rsquo;ensemble des \u00e9l\u00e8ves volontaires. Le concert a \u00e9t\u00e9 enregistr\u00e9 par Pierre Le Droumaget de l&rsquo;association Patriotique et Culturelle (APC 17) et diffus\u00e9 en ligne afin de prolonger notre mobilisation envers ceux qui souffrent de maladies rares.<\/p>\n<p><\/p>\n<p>Retrouvez le concert int\u00e9gral ci apr\u00e8s<\/p>\n<p><\/p>\n<p><a href=\"https:\/\/www.facebook.com\/lesbrunescomptentpaspourdesp\/videos\/2666138940360430\">https:\/\/www.facebook.com\/lesbrunescomptentpaspourdesp\/videos\/2666138940360430<\/a><\/p>\n<p><\/p>\n<figure class=\"wp-block-image size-large\"><img loading=\"lazy\" decoding=\"async\" width=\"1024\" height=\"768\" class=\"wp-image-582\" src=\"http:\/\/maisondelamusiquemarsilly.fr\/wp-content\/uploads\/2022\/08\/20211204_164053-HDTV-1080-1024x768.jpg\" alt=\"\" srcset=\"https:\/\/maisondelamusiquemarsilly.fr\/wp-content\/uploads\/2022\/08\/20211204_164053-HDTV-1080-1024x768.jpg 1024w, https:\/\/maisondelamusiquemarsilly.fr\/wp-content\/uploads\/2022\/08\/20211204_164053-HDTV-1080-300x225.jpg 300w, https:\/\/maisondelamusiquemarsilly.fr\/wp-content\/uploads\/2022\/08\/20211204_164053-HDTV-1080-768x576.jpg 768w, https:\/\/maisondelamusiquemarsilly.fr\/wp-content\/uploads\/2022\/08\/20211204_164053-HDTV-1080-440x330.jpg 440w, https:\/\/maisondelamusiquemarsilly.fr\/wp-content\/uploads\/2022\/08\/20211204_164053-HDTV-1080-730x547.jpg 730w, https:\/\/maisondelamusiquemarsilly.fr\/wp-content\/uploads\/2022\/08\/20211204_164053-HDTV-1080.jpg 1440w\" sizes=\"(max-width: 1024px) 100vw, 1024px\" \/><\/figure>\n<p><\/p>\n<h2 class=\"wp-block-heading\">CHANTONS SOUS L&rsquo;OCCUPATION A LA VILLA AMELIE<\/h2>\n<p><\/p>\n<p>Dans le cadre du partenariat avec la Villa Am\u00e9lie de Saint-Rogatien et des ateliers la m\u00e9moire en chantant, les musiciens b\u00e9n\u00e9voles de l&rsquo;association DESIDELA 17, administrateur et intervenants b\u00e9n\u00e9voles \u00e0 la Maison de la Musique de Marsilly, ont propos\u00e9 en juillet 2021 aux r\u00e9sidents de l&rsquo;EHPAD le spectacle \u00ab\u00a0Chantons sous l&rsquo;occupation, la guerre des ondes\u00a0\u00bb, cr\u00e9\u00e9 par l&rsquo;association en 2015 pour les 70 ans de la lib\u00e9ration de la poche de La Rochelle en collaboration avec la ville de La Rochelle et le Mus\u00e9e le Bunker.<\/p>\n<p><\/p>\n<figure class=\"wp-block-image size-large\"><img loading=\"lazy\" decoding=\"async\" width=\"1024\" height=\"768\" class=\"wp-image-469\" src=\"http:\/\/maisondelamusiquemarsilly.fr\/wp-content\/uploads\/2022\/03\/IMG_9880.jpg\" alt=\"\" srcset=\"https:\/\/maisondelamusiquemarsilly.fr\/wp-content\/uploads\/2022\/03\/IMG_9880.jpg 1024w, https:\/\/maisondelamusiquemarsilly.fr\/wp-content\/uploads\/2022\/03\/IMG_9880-300x225.jpg 300w, https:\/\/maisondelamusiquemarsilly.fr\/wp-content\/uploads\/2022\/03\/IMG_9880-768x576.jpg 768w, https:\/\/maisondelamusiquemarsilly.fr\/wp-content\/uploads\/2022\/03\/IMG_9880-440x330.jpg 440w, https:\/\/maisondelamusiquemarsilly.fr\/wp-content\/uploads\/2022\/03\/IMG_9880-730x547.jpg 730w\" sizes=\"(max-width: 1024px) 100vw, 1024px\" \/><\/figure>\n<p><\/p>\n<figure class=\"wp-block-image size-large\"><img loading=\"lazy\" decoding=\"async\" width=\"768\" height=\"1024\" class=\"wp-image-470\" src=\"http:\/\/maisondelamusiquemarsilly.fr\/wp-content\/uploads\/2022\/03\/IMG_9878.jpg\" alt=\"\" srcset=\"https:\/\/maisondelamusiquemarsilly.fr\/wp-content\/uploads\/2022\/03\/IMG_9878.jpg 768w, https:\/\/maisondelamusiquemarsilly.fr\/wp-content\/uploads\/2022\/03\/IMG_9878-225x300.jpg 225w\" sizes=\"(max-width: 768px) 100vw, 768px\" \/><\/figure>\n<p><\/p>\n<h2 class=\"wp-block-heading\">JOURNEE PORTES OUVERTES MAISON DE LA MUSIQUE<\/h2>\n<p><\/p>\n<figure class=\"wp-block-image aligncenter size-large\"><img loading=\"lazy\" decoding=\"async\" width=\"768\" height=\"1024\" class=\"wp-image-324\" src=\"http:\/\/maisondelamusiquemarsilly.fr\/wp-content\/uploads\/2021\/08\/AFFICHEFORUM-768x1024.png\" alt=\"\" srcset=\"https:\/\/maisondelamusiquemarsilly.fr\/wp-content\/uploads\/2021\/08\/AFFICHEFORUM-768x1024.png 768w, https:\/\/maisondelamusiquemarsilly.fr\/wp-content\/uploads\/2021\/08\/AFFICHEFORUM-225x300.png 225w, https:\/\/maisondelamusiquemarsilly.fr\/wp-content\/uploads\/2021\/08\/AFFICHEFORUM-1152x1536.png 1152w, https:\/\/maisondelamusiquemarsilly.fr\/wp-content\/uploads\/2021\/08\/AFFICHEFORUM-1536x2048.png 1536w, https:\/\/maisondelamusiquemarsilly.fr\/wp-content\/uploads\/2021\/08\/AFFICHEFORUM.png 1748w\" sizes=\"(max-width: 768px) 100vw, 768px\" \/><\/figure>\n<p><\/p>\n<p>SAMEDI 4 SEPTEMBRE 2021 &#8211; DE 10H A 18H &#8211; Salle La Cl\u00e9 de Sol &#8211; PLACE DE l&rsquo;ABBE COL &#8211; MARSILLY<\/p>\n<p><\/p>\n<p>Dans le cadre du forum des associations, rencontre avec les professeurs et animateurs, pr\u00e9sentations des cours, ateliers, stages et intervention des \u00e9l\u00e8ves accompagn\u00e9s par leurs professeurs et les musiciens b\u00e9n\u00e9voles de l&rsquo;association DESIDELA17.<\/p>\n<p><\/p>\n<figure class=\"wp-block-image size-large\"><img loading=\"lazy\" decoding=\"async\" width=\"1024\" height=\"768\" class=\"wp-image-468\" src=\"http:\/\/maisondelamusiquemarsilly.fr\/wp-content\/uploads\/2022\/03\/IMG_9611-1024x768.jpg\" alt=\"\" srcset=\"https:\/\/maisondelamusiquemarsilly.fr\/wp-content\/uploads\/2022\/03\/IMG_9611-1024x768.jpg 1024w, https:\/\/maisondelamusiquemarsilly.fr\/wp-content\/uploads\/2022\/03\/IMG_9611-300x225.jpg 300w, https:\/\/maisondelamusiquemarsilly.fr\/wp-content\/uploads\/2022\/03\/IMG_9611-768x576.jpg 768w, https:\/\/maisondelamusiquemarsilly.fr\/wp-content\/uploads\/2022\/03\/IMG_9611-1536x1152.jpg 1536w, https:\/\/maisondelamusiquemarsilly.fr\/wp-content\/uploads\/2022\/03\/IMG_9611-440x330.jpg 440w, https:\/\/maisondelamusiquemarsilly.fr\/wp-content\/uploads\/2022\/03\/IMG_9611-730x547.jpg 730w, https:\/\/maisondelamusiquemarsilly.fr\/wp-content\/uploads\/2022\/03\/IMG_9611.jpg 1600w\" sizes=\"(max-width: 1024px) 100vw, 1024px\" \/><\/figure>\n<p><\/p>\n<h2 class=\"wp-block-heading\">INAUGURATION OFFICIELLE MAISON DE LA MUSIQUE<\/h2>\n<p><\/p>\n<figure class=\"wp-block-image aligncenter size-large\"><img loading=\"lazy\" decoding=\"async\" width=\"722\" height=\"1024\" class=\"wp-image-308\" src=\"http:\/\/maisondelamusiquemarsilly.fr\/wp-content\/uploads\/2021\/06\/Capture-de\u0301cran-2021-06-10-a\u0300-14.11.47-722x1024.png\" alt=\"\" srcset=\"https:\/\/maisondelamusiquemarsilly.fr\/wp-content\/uploads\/2021\/06\/Capture-de\u0301cran-2021-06-10-a\u0300-14.11.47-722x1024.png 722w, https:\/\/maisondelamusiquemarsilly.fr\/wp-content\/uploads\/2021\/06\/Capture-de\u0301cran-2021-06-10-a\u0300-14.11.47-212x300.png 212w, https:\/\/maisondelamusiquemarsilly.fr\/wp-content\/uploads\/2021\/06\/Capture-de\u0301cran-2021-06-10-a\u0300-14.11.47-768x1089.png 768w, https:\/\/maisondelamusiquemarsilly.fr\/wp-content\/uploads\/2021\/06\/Capture-de\u0301cran-2021-06-10-a\u0300-14.11.47.png 842w\" sizes=\"(max-width: 722px) 100vw, 722px\" \/><\/figure>\n<p><\/p>\n<figure class=\"wp-block-video\"><video src=\"http:\/\/maisondelamusiquemarsilly.fr\/wp-content\/uploads\/2021\/06\/Inauguration-Maison-De-La-Musique-Marsilly-.mov\" controls=\"controls\" width=\"300\" height=\"150\"><\/video><\/figure>\n<p><\/p>\n<p>Retrouvez le reportage de l&rsquo;inauguration officielle de la maison de la musique r\u00e9alis\u00e9 par Marilyne Huber pour Entre Nous Cultures en cliquant sur le lien ci-apr\u00e8s.<\/p>\n<p><\/p>\n<p><a href=\"https:\/\/www.facebook.com\/entrenouscultures\/videos\/312465133946193\">https:\/\/www.facebook.com\/entrenouscultures\/videos\/312465133946193<\/a><\/p>\n<p><\/p>\n<h2 class=\"wp-block-heading\">TRAVAUX MAISON DE LA MUSIQUE<\/h2>\n<p><\/p>\n<figure class=\"wp-block-gallery has-nested-images columns-default is-cropped wp-block-gallery-10 is-layout-flex wp-block-gallery-is-layout-flex\">\n<p>\u00a0<\/p>\n<figure class=\"wp-block-image size-large\"><img loading=\"lazy\" decoding=\"async\" width=\"1024\" height=\"768\" data-id=\"174\" class=\"wp-image-174\" src=\"https:\/\/maisondelamusiquemarsilly.fr\/wp-content\/uploads\/2020\/09\/118885401_2793455034218363_2669788177526799311_o-1-1024x768.jpg\" alt=\"\" srcset=\"https:\/\/maisondelamusiquemarsilly.fr\/wp-content\/uploads\/2020\/09\/118885401_2793455034218363_2669788177526799311_o-1-1024x768.jpg 1024w, https:\/\/maisondelamusiquemarsilly.fr\/wp-content\/uploads\/2020\/09\/118885401_2793455034218363_2669788177526799311_o-1-300x225.jpg 300w, https:\/\/maisondelamusiquemarsilly.fr\/wp-content\/uploads\/2020\/09\/118885401_2793455034218363_2669788177526799311_o-1-768x576.jpg 768w, https:\/\/maisondelamusiquemarsilly.fr\/wp-content\/uploads\/2020\/09\/118885401_2793455034218363_2669788177526799311_o-1.jpg 2048w\" sizes=\"(max-width: 1024px) 100vw, 1024px\" \/><\/figure>\n<p><\/p>\n<\/figure>\n<p><\/p>\n<p>Les Premiers cours de la Maison de la Musique d\u00e9buteront \u00e0 partir du Lundi 5 Octobre 2020. En attendant la fin des travaux de nos locaux, nous aurons le plaisir de vous accueillir dans les locaux de la Paroisse de Marsilly. Nous aurons le plaisir de vous convier tr\u00e8s prochainement \u00e0 l&rsquo;inauguration officielle de la Maison de la Musique.<\/p>\n<p><\/p>\n<p><\/p>\n<p><\/p>\t\t\t\t\t\t\t\t<\/div>\n\t\t\t\t<\/div>\n\t\t\t\t\t<\/div>\n\t\t<\/div>\n\t\t\t\t\t<\/div>\n\t\t<\/section>\n\t\t\t\t<\/div>\n\t\t","protected":false},"excerpt":{"rendered":"<p>Communiqu\u00e9 starmanieul Mais que se passe t\u2019il \u00e0 Nieulopolis? Venez le d\u00e9couvrir, chanter, danser avec nous sur la sc\u00e8ne de &hellip; <a href=\"https:\/\/maisondelamusiquemarsilly.fr\/?page_id=36\" class=\"more-link\"><span class=\"more-button\">Continue Reading<span class=\"screen-reader-text\">ACTUs<\/span><\/span><\/a><\/p>\n","protected":false},"author":1,"featured_media":0,"parent":0,"menu_order":0,"comment_status":"closed","ping_status":"closed","template":"","meta":{"_monsterinsights_skip_tracking":false,"_monsterinsights_sitenote_active":false,"_monsterinsights_sitenote_note":"","_monsterinsights_sitenote_category":0,"footnotes":""},"class_list":["post-36","page","type-page","status-publish","hentry"],"aioseo_notices":[],"_links":{"self":[{"href":"https:\/\/maisondelamusiquemarsilly.fr\/index.php?rest_route=\/wp\/v2\/pages\/36","targetHints":{"allow":["GET"]}}],"collection":[{"href":"https:\/\/maisondelamusiquemarsilly.fr\/index.php?rest_route=\/wp\/v2\/pages"}],"about":[{"href":"https:\/\/maisondelamusiquemarsilly.fr\/index.php?rest_route=\/wp\/v2\/types\/page"}],"author":[{"embeddable":true,"href":"https:\/\/maisondelamusiquemarsilly.fr\/index.php?rest_route=\/wp\/v2\/users\/1"}],"replies":[{"embeddable":true,"href":"https:\/\/maisondelamusiquemarsilly.fr\/index.php?rest_route=%2Fwp%2Fv2%2Fcomments&post=36"}],"version-history":[{"count":114,"href":"https:\/\/maisondelamusiquemarsilly.fr\/index.php?rest_route=\/wp\/v2\/pages\/36\/revisions"}],"predecessor-version":[{"id":1334,"href":"https:\/\/maisondelamusiquemarsilly.fr\/index.php?rest_route=\/wp\/v2\/pages\/36\/revisions\/1334"}],"wp:attachment":[{"href":"https:\/\/maisondelamusiquemarsilly.fr\/index.php?rest_route=%2Fwp%2Fv2%2Fmedia&parent=36"}],"curies":[{"name":"wp","href":"https:\/\/api.w.org\/{rel}","templated":true}]}}